{"id":1267,"date":"2020-12-21T22:38:30","date_gmt":"2020-12-21T21:38:30","guid":{"rendered":"https:\/\/www.scuolamonterisi.edu.it\/wordpress\/?page_id=1267"},"modified":"2024-01-02T12:12:31","modified_gmt":"2024-01-02T11:12:31","slug":"scuola-secondaria-di-primo-grado","status":"publish","type":"page","link":"https:\/\/www.scuolamonterisi.edu.it\/index.php\/scuola-secondaria-di-primo-grado\/","title":{"rendered":"SCUOLA SECONDARIA DI PRIMO GRADO"},"content":{"rendered":"<p><div class=\"kc-elm kc-css-13220 kc-row-container module\"><div class=\"wc-row row\"><div class=\"kc-wrap-columns\"><div class=\"kc-elm kc-css-121029 small-12 columns small-12\"><div class=\"kc-col-container\"><div id=\"371606\" class=\"section-title-wrapper\"><div class=\"section-title\"><h2>SCUOLA SECONDARIA DI PRIMO GRADO<\/h2><p>Sede Centrale - via Vincenzo Loria, snc<\/p><\/div><!-- Section title \/--><\/div><!-- Title Wrapper \/--><div class=\"kc-elm kc-css-113574 kc_shortcode kc_single_image\">\n\n        <img src=\"https:\/\/www.scuolamonterisi.edu.it\/wp-content\/uploads\/2020\/12\/2-7.jpg\" class=\"\" alt=\"\" \/>    <\/div>\n<\/div><\/div><\/div><\/div><\/div><div class=\"kc-elm kc-css-408322 kc-row-container module\"><div class=\"wc-row row\"><div class=\"kc-wrap-columns\"><div class=\"kc-elm kc-css-779193 small-12 columns small-12\"><div class=\"kc-col-container\"><div class=\"kc-elm kc-css-570052 kc_text_block\"><\/p>\n<p>La scuola secondaria di primo grado fa parte del primo ciclo di istruzione, articolato in due percorsi scolastici consecutivi e obbligatori: la scuola primaria che dura cinque anni, e la scuola secondaria di primo grado che dura tre anni.<\/p>\n<p>La scuola secondaria di primo grado, attraverso le discipline,\u00a0<\/p>\n<ul>\n<li>stimola la crescita delle capacit\u00e0 autonome di studio e di interazione sociale<\/li>\n<li>organizza e accresce, anche attraverso l&#039;alfabetizzazione e l&#039;approfondimento nelle tecnologie informatiche, le conoscenze e le abilit\u00e0, anche in relazione alla tradizione culturale e alla evoluzione sociale, culturale e scientifica della realt\u00e0 contemporanea<\/li>\n<li>sviluppa progressivamente le competenze e le capacit\u00e0 di scelta corrispondenti alle attitudini e vocazioni degli allievi<\/li>\n<li>fornisce strumenti adeguati alla prosecuzione delle attivit\u00e0 di istruzione e formazione<\/li>\n<li>introduce lo studio di una seconda lingua dell&#039;Unione europea<\/li>\n<li>aiuta a orientarsi per la successiva scelta di istruzione e formazione (Legge 53 del 2003).<\/li>\n<\/ul>\n<p>Il Decreto del Presidente della Repubblica 89 del 2009 ha disciplinato il riordino del primo ciclo (e della scuola dell\u2019infanzia).<\/p>\n<p>Il Decreto del Presidente della Repubblica 122 del 2009 ha regolamentato il coordinamento delle norme per la valutazione degli alunni.<\/p>\n<p><strong>Iscrizioni<\/strong><\/p>\n<p>La frequenza alla scuola secondaria di primo grado \u00e8 obbligatoria per tutti i ragazzi italiani e stranieri che abbiano concluso il percorso della scuola primaria.<\/p>\n<p>Il primo ciclo di istruzione si conclude con un esame di Stato, il cui superamento costituisce titolo di accesso al secondo ciclo di istruzione.<\/p>\n<p><strong>Orari di funzionamento<\/strong><\/p>\n<p>L\u2019orario settimanale delle lezioni nella scuola secondaria di primo grado, organizzato per discipline, \u00e8 pari a 30 ore (articolo 5, Decreto del Presidente della Repubblica 89 del 2009).\u00a0<\/p>\n<p>Attualmente distribuite in 5 giorni, dal Luned\u00ec al Venerd\u00ec, con orario 08:00 &#8211; 14:00<\/p>\n<p>In base alla disponibilit\u00e0 dei posti e dei servizi attivati, possono essere organizzate classi a tempo prolungato. Esse funzionano per 36 ore settimanali di attivit\u00e0 didattiche e insegnamenti con obbligo di due-tre rientri pomeridiani, con o senza mensa. Su richiesta della maggioranza delle famiglie, il tempo prolungato pu\u00f2 essere esteso a 40 ore.<\/p>\n<p><strong>Classi<\/strong><\/p>\n<p>Le classi prime di scuola secondaria di primo grado sono costituite, di norma, con un minimo di 18 alunni e un massimo di 27 (ma possono diventare 28 se ci sono resti). Qualora si formi una sola classe prima, gli alunni possono essere 30.<\/p>\n<p>Le classi di scuola secondaria di primo grado che accolgono alunni con disabilit\u00e0 sono costituite, di norma, con non pi\u00f9 di 20 alunni, qualora gli alunni disabili siano in situazione di gravit\u00e0. (articolo 5 Decreto del Presidente della Repubblica 81 del 2009).<\/p>\n<p><strong>Discipline di studio<\/strong><\/p>\n<p>Il decreto ministeriale 254 del 2012 ha individuato le discipline di studio per gli alunni delle scuole secondarie di primo grado, obbligatorie dall\u2019anno scolastico 2013-2014:<\/p>\n<p>&#8211; Italiano<\/p>\n<p>&#8211; Lingua inglese e seconda lingua comunitaria oppure Inglese potenziato<\/p>\n<p>&#8211; Storia<\/p>\n<p>&#8211; Geografia<\/p>\n<p>&#8211; Matematica<\/p>\n<p>&#8211; Scienze<\/p>\n<p>&#8211; Musica<\/p>\n<p>&#8211; Arte e immagine<\/p>\n<p>&#8211; Scienze Motorie<\/p>\n<p>&#8211; Tecnologia.<\/p>\n<p>A queste discipline si aggiunge l\u2019insegnamento trasversale dell\u2019Educazione Civica.<\/p>\n<p>Inoltre, per gli alunni che se ne avvalgono, \u00e8 previsto l\u2019insegnamento della religione cattolica per un\u2019ora settimanale. Gli alunni che non se ne avvalgono possono optare per lo studio di una materia alternativa, lo studio individuale assistito o possono richiedere l\u2019ingresso posticipato o l\u2019uscita anticipata.<\/p>\n<p>Il Decreto del Presidente della Repubblica 89 del 2009 (articolo 5) ha individuato anche gli orari di insegnamento per ogni disciplina o gruppi di discipline, sia per le classi a tempo ordinario sia per quelle a tempo prolungato.<\/p>\n<p>Su richiesta delle famiglie, le due ore di seconda lingua comunitaria possono essere destinate al potenziamento della lingua inglese.<\/p>\n<p>Per gli alunni stranieri di recente immigrazione le ore destinate all\u2019insegnamento della seconda lingua comunitaria possono essere dedicate all\u2019insegnamento della lingua italiana.<\/p>\n<p><strong>Sezioni a indirizzo musicale<\/strong><\/p>\n<p>I percorsi a indirizzo musicale (riformati con D.I. 176\/2022) prevedono lo studio dello strumento musicale e della pratica musicale.<\/p>\n<p>Le ore di insegnamento sono destinate alla pratica strumentale individuale e\/o per piccoli gruppi, all&#039;ascolto partecipativo, alle attivit\u00e0 di musica di insieme, nonch\u00e9 alla teoria e lettura della musica: quest&#039;ultimo insegnamento &#8211; un&#039;ora settimanale per classe &#8211; pu\u00f2 essere impartito anche per gruppi strumentali.<\/p>\n<p>Attualmente sono attivi i seguenti insegnamenti: Arpa, Clarinetto, Chitarra, Corno, Fagotto, Flauto, Oboe, Percussioni, Pianoforte, Sassofono, Tromba, Violino, Violoncello<\/p>\n<p>L\u2019esame di Stato conclusivo del primo ciclo di istruzione verifica, nell&#039;ambito del colloquio pluridisciplinare, anche la competenza musicale raggiunta sia per la pratica esecutiva, individuale e\/o d&#039;insieme, sia per la teoria.<\/p>\n<p><strong>Indicazioni nazionali \u00a0\u00a0\u00a0 \u00a0 \u00a0\u00a0<\/strong><\/p>\n<p>Le Indicazioni nazionali intendono fissare gli obiettivi generali, gli obiettivi di apprendimento e i relativi traguardi per lo sviluppo delle competenze dei bambini e ragazzi per ciascuna disciplina o campo di esperienza.<\/p>\n<p>\n<\/div><\/div><\/div><div class=\"kc-elm kc-css-905941 small-12 columns small-12\"><div class=\"kc-col-container\">\n<div class=\"kc-elm kc-css-484897 kc-image-hover-effects kc-img-effects-1 zoom_in\">\n\n\t<a href=\"https:\/\/www.scuolamonterisi.edu.it\/wp-content\/uploads\/2020\/12\/10-1.jpg\" rel=\"prettyPhoto\" class=\"kc-pretty-photo\"><img src=\"https:\/\/www.scuolamonterisi.edu.it\/wp-content\/uploads\/2020\/12\/10-1.jpg\" alt=\"\"\/><\/a><a href=\"https:\/\/www.scuolamonterisi.edu.it\/wp-content\/uploads\/2020\/12\/10-1.jpg\" rel=\"prettyPhoto\" class=\"kc-pretty-photo\"><div class=\"overlay-effects\"><div class=\"content-title\">Allarga<\/div><\/div><\/a>\n<\/div><div class=\"kc-elm kc-css-737484\" style=\"height: 20px; clear: both; width:100%;\"><\/div>\n<div class=\"kc-elm kc-css-778897 kc-image-hover-effects kc-img-effects-1 zoom_in\">\n\n\t<a href=\"https:\/\/www.scuolamonterisi.edu.it\/wp-content\/uploads\/2020\/12\/1.jpg\" rel=\"prettyPhoto\" class=\"kc-pretty-photo\"><img src=\"https:\/\/www.scuolamonterisi.edu.it\/wp-content\/uploads\/2020\/12\/1.jpg\" alt=\"\"\/><\/a><a href=\"https:\/\/www.scuolamonterisi.edu.it\/wp-content\/uploads\/2020\/12\/1.jpg\" rel=\"prettyPhoto\" class=\"kc-pretty-photo\"><div class=\"overlay-effects\"><div class=\"content-title\">Allarga<\/div><\/div><\/a>\n<\/div><div class=\"kc-elm kc-css-74392\" style=\"height: 20px; clear: both; width:100%;\"><\/div>\n<div class=\"kc-elm kc-css-42928 kc-image-hover-effects kc-img-effects-1 zoom_in\">\n\n\t<a href=\"https:\/\/www.scuolamonterisi.edu.it\/wp-content\/uploads\/2020\/12\/12.jpg\" rel=\"prettyPhoto\" class=\"kc-pretty-photo\"><img src=\"https:\/\/www.scuolamonterisi.edu.it\/wp-content\/uploads\/2020\/12\/12.jpg\" alt=\"\"\/><\/a><a href=\"https:\/\/www.scuolamonterisi.edu.it\/wp-content\/uploads\/2020\/12\/12.jpg\" rel=\"prettyPhoto\" class=\"kc-pretty-photo\"><div class=\"overlay-effects\"><div class=\"content-title\">Allarga<\/div><\/div><\/a>\n<\/div><div class=\"kc-elm kc-css-343880\" style=\"height: 20px; clear: both; width:100%;\"><\/div>\n<div class=\"kc-elm kc-css-525381 kc-image-hover-effects kc-img-effects-1 zoom_in\">\n\n\t<a href=\"https:\/\/www.scuolamonterisi.edu.it\/wp-content\/uploads\/2020\/12\/orchestra.jpg\" rel=\"prettyPhoto\" class=\"kc-pretty-photo\"><img src=\"https:\/\/www.scuolamonterisi.edu.it\/wp-content\/uploads\/2020\/12\/orchestra.jpg\" alt=\"\"\/><\/a><a href=\"https:\/\/www.scuolamonterisi.edu.it\/wp-content\/uploads\/2020\/12\/orchestra.jpg\" rel=\"prettyPhoto\" class=\"kc-pretty-photo\"><div class=\"overlay-effects\"><div class=\"content-title\">Allarga<\/div><\/div><\/a>\n<\/div><div class=\"kc-elm kc-css-239498\" style=\"height: 20px; clear: both; width:100%;\"><\/div>\n<div class=\"kc-elm kc-css-721755 kc-image-hover-effects kc-img-effects-1 zoom_in\">\n\n\t<a href=\"https:\/\/www.scuolamonterisi.edu.it\/wp-content\/uploads\/2020\/12\/PHOTO-2020-12-09-22-32-20.jpg\" rel=\"prettyPhoto\" class=\"kc-pretty-photo\"><img src=\"https:\/\/www.scuolamonterisi.edu.it\/wp-content\/uploads\/2020\/12\/PHOTO-2020-12-09-22-32-20.jpg\" alt=\"\"\/><\/a><a href=\"https:\/\/www.scuolamonterisi.edu.it\/wp-content\/uploads\/2020\/12\/PHOTO-2020-12-09-22-32-20.jpg\" rel=\"prettyPhoto\" class=\"kc-pretty-photo\"><div class=\"overlay-effects\"><div class=\"content-title\">Allarga<\/div><\/div><\/a>\n<\/div><div class=\"kc-elm kc-css-285727\" style=\"height: 20px; clear: both; width:100%;\"><\/div>\n<div class=\"kc-elm kc-css-476114 kc-image-hover-effects kc-img-effects-1 zoom_in\">\n\n\t<a href=\"https:\/\/www.scuolamonterisi.edu.it\/wp-content\/uploads\/2020\/12\/banchetti.jpg\" rel=\"prettyPhoto\" class=\"kc-pretty-photo\"><img src=\"https:\/\/www.scuolamonterisi.edu.it\/wp-content\/uploads\/2020\/12\/banchetti.jpg\" alt=\"\"\/><\/a><a href=\"https:\/\/www.scuolamonterisi.edu.it\/wp-content\/uploads\/2020\/12\/banchetti.jpg\" rel=\"prettyPhoto\" class=\"kc-pretty-photo\"><div class=\"overlay-effects\"><div class=\"content-title\">Allarga<\/div><\/div><\/a>\n<\/div><\/div><\/div><\/div><\/div><\/div><div class=\"kc-elm kc-css-330236 kc-row-container module transparent-background\"><div class=\"wc-row row\"><div class=\"kc-wrap-columns\"><div class=\"kc-elm kc-css-85327 small-12 columns small-12\"><div class=\"kc-col-container\"><div id=\"984586\" class=\"section-title-wrapper\"><div class=\"section-title\"><h2>TOUR VIRTUALE<\/h2><p>Visita la sede centrale<\/p><\/div><!-- Section title \/--><\/div><!-- Title Wrapper \/--><div class=\"kc-elm kc-css-462612 kc-raw-code\"><iframe width=\"100%\" height=\"640\" style=\"width: 100%; height: 640px; border: none; max-width: 100%;\" frameborder=\"0\" allowfullscreen allow=\"xr-spatial-tracking; gyroscope; accelerometer\" scrolling=\"no\" src=\"https:\/\/kuula.co\/share\/collection\/7PWqK?fs=1&vr=1&zoom=1&sd=1&initload=0&thumbs=1&inst=it&info=0&logo=-1\"><\/iframe><\/div><\/div><\/div><\/div><\/div><\/div><div class=\"kc-elm kc-css-263708 kc-row-container module\"><div class=\"wc-row row\"><div class=\"kc-wrap-columns\"><div class=\"kc-elm kc-css-340233 small-12 columns small-12\"><div class=\"kc-col-container\">\n<div class=\"kc-elm kc-css-431477 kc_counter_box\">\n\t<i class=\"fa-users element-icon\"><\/i>\t<span class=\"counterup\">680<\/span>\n\t<h4>ALUNNI<\/h4><\/div>\n<\/div><\/div><div class=\"kc-elm kc-css-341947 small-12 columns small-12\"><div class=\"kc-col-container\">\n<div class=\"kc-elm kc-css-664534 kc_counter_box\">\n\t<i class=\"sl-people element-icon\"><\/i>\t<span class=\"counterup\">108<\/span>\n\t<h4>DOCENTI<\/h4><\/div>\n<\/div><\/div><div class=\"kc-elm kc-css-641483 small-12 columns small-12\"><div class=\"kc-col-container\">\n<div class=\"kc-elm kc-css-964280 kc_counter_box\">\n\t<i class=\"fa-university element-icon\"><\/i>\t<span class=\"counterup\">35<\/span>\n\t<h4>CLASSI<\/h4><\/div>\n<\/div><\/div><\/div><\/div><\/div><\/p>\n","protected":false},"excerpt":{"rendered":"","protected":false},"author":1,"featured_media":0,"parent":0,"menu_order":0,"comment_status":"closed","ping_status":"closed","template":"template-modules.php","meta":[],"_links":{"self":[{"href":"https:\/\/www.scuolamonterisi.edu.it\/index.php\/wp-json\/wp\/v2\/pages\/1267"}],"collection":[{"href":"https:\/\/www.scuolamonterisi.edu.it\/index.php\/wp-json\/wp\/v2\/pages"}],"about":[{"href":"https:\/\/www.scuolamonterisi.edu.it\/index.php\/wp-json\/wp\/v2\/types\/page"}],"author":[{"embeddable":true,"href":"https:\/\/www.scuolamonterisi.edu.it\/index.php\/wp-json\/wp\/v2\/users\/1"}],"replies":[{"embeddable":true,"href":"https:\/\/www.scuolamonterisi.edu.it\/index.php\/wp-json\/wp\/v2\/comments?post=1267"}],"version-history":[{"count":8,"href":"https:\/\/www.scuolamonterisi.edu.it\/index.php\/wp-json\/wp\/v2\/pages\/1267\/revisions"}],"predecessor-version":[{"id":1269,"href":"https:\/\/www.scuolamonterisi.edu.it\/index.php\/wp-json\/wp\/v2\/pages\/1267\/revisions\/1269"}],"wp:attachment":[{"href":"https:\/\/www.scuolamonterisi.edu.it\/index.php\/wp-json\/wp\/v2\/media?parent=1267"}],"curies":[{"name":"wp","href":"https:\/\/api.w.org\/{rel}","templated":true}]}}