{"id":179,"date":"2016-11-25T10:23:47","date_gmt":"2016-11-25T10:23:47","guid":{"rendered":"https:\/\/www.webfulcreations.com\/themes\/education\/?page_id=179"},"modified":"2016-11-25T10:23:47","modified_gmt":"2016-11-25T10:23:47","slug":"home-version-2","status":"publish","type":"page","link":"https:\/\/www.scuolamonterisi.edu.it\/index.php\/home-version-2\/","title":{"rendered":"Home Version 2"},"content":{"rendered":"<p><div class=\"kc-elm kc-css-488385 kc-row-container module\"><div class=\"wc-row\"><div class=\"kc-wrap-columns\"><div class=\"kc-elm kc-css-865560 small-12 columns small-12\"><div class=\"kc-col-container\"><div class=\"widget widget_revslider kc-elm kc-css-64114\">\n\t\t\t<!-- START Home 1 REVOLUTION SLIDER 6.2.23 --><p class=\"rs-p-wp-fix\"><\/p>\n\t\t\t<rs-module-wrap id=\"rev_slider_1_1_wrapper\" data-source=\"gallery\" style=\"background:transparent;padding:0;margin:0px auto;margin-top:0;margin-bottom:0;\">\n\t\t\t\t<rs-module id=\"rev_slider_1_1\" style=\"\" data-version=\"6.2.23\">\n\t\t\t\t\t<rs-slides>\n\t\t\t\t\t\t<rs-slide data-key=\"rs-3\" data-title=\"Slide\" data-duration=\"28000ms\" data-anim=\"ei:d;eo:d;s:d;r:0;t:slotslide-horizontal;sl:d;\" data-firstanim=\"t:fade;s:300;sl:7;\" data-mediafilter=\"gingham\">\n\t\t\t\t\t\t\t<img src=\"\/\/www.scuolamonterisi.edu.it\/wp-content\/plugins\/revslider\/public\/assets\/assets\/dummy.png\" title=\"roll\" width=\"848\" height=\"480\" data-lazyload=\"\/\/www.scuolamonterisi.edu.it\/wordpress\/wp-content\/uploads\/2020\/12\/roll-1.mp4\" class=\"rev-slidebg\" data-no-retina>\n\t\t\t\t\t\t\t<rs-bgvideo \n\t\t\t\t\t\t\t\tdata-video=\"w:100%;h:100%;nse:false;l:true;ptimer:false;\"\n\t\t\t\t\t\t\t\tdata-mp4=\"\/\/www.scuolamonterisi.edu.it\/wp-content\/uploads\/2020\/12\/roll-2.mp4\"\n\t\t\t\t\t\t\t><\/rs-bgvideo>\n<!--\n\t\t\t\t\t\t\t--><rs-layer\n\t\t\t\t\t\t\t\tid=\"slider-1-slide-3-layer-1\" \n\t\t\t\t\t\t\t\tdata-type=\"text\"\n\t\t\t\t\t\t\t\tdata-color=\"#264e70\"\n\t\t\t\t\t\t\t\tdata-xy=\"x:c;y:m;yo:-70px,-70px,-70px,-100px;\"\n\t\t\t\t\t\t\t\tdata-text=\"w:normal;s:60,60,40,20;l:70,70,50,30;ls:10px;fw:700;a:center;\"\n\t\t\t\t\t\t\t\tdata-dim=\"w:720px,640,480px,300px;\"\n\t\t\t\t\t\t\t\tdata-rsp_o=\"off\"\n\t\t\t\t\t\t\t\tdata-rsp_bd=\"off\"\n\t\t\t\t\t\t\t\tdata-frame_0=\"y:20px;sX:0.9;sY:0.9;\"\n\t\t\t\t\t\t\t\tdata-frame_1=\"e:power4.out;st:500;sp:1000;sR:500;\"\n\t\t\t\t\t\t\t\tdata-frame_999=\"o:0;e:nothing;st:w;sR:7500;\"\n\t\t\t\t\t\t\t\tstyle=\"z-index:8;font-family:Montserrat;\"\n\t\t\t\t\t\t\t>SCEGLI<BR\/>\nLA MONTERISI \n\t\t\t\t\t\t\t<\/rs-layer><!--\n\n\t\t\t\t\t\t\t--><rs-layer\n\t\t\t\t\t\t\t\tid=\"slider-1-slide-3-layer-2\" \n\t\t\t\t\t\t\t\tdata-type=\"text\"\n\t\t\t\t\t\t\t\tdata-color=\"#000000\"\n\t\t\t\t\t\t\t\tdata-xy=\"x:c;y:m;yo:44px,57px,39px,0;\"\n\t\t\t\t\t\t\t\tdata-text=\"w:normal;s:17,17,17,15;l:26,26,26,24;a:center;\"\n\t\t\t\t\t\t\t\tdata-dim=\"w:720px,480px,480px,300px;\"\n\t\t\t\t\t\t\t\tdata-rsp_o=\"off\"\n\t\t\t\t\t\t\t\tdata-rsp_bd=\"off\"\n\t\t\t\t\t\t\t\tdata-frame_0=\"y:10px;sX:0.9;sY:0.9;\"\n\t\t\t\t\t\t\t\tdata-frame_1=\"e:power4.out;st:700;sp:1000;sR:700;\"\n\t\t\t\t\t\t\t\tdata-frame_999=\"o:0;e:nothing;st:w;sR:7300;\"\n\t\t\t\t\t\t\t\tstyle=\"z-index:9;background-color:rgba(255,255,255,0.6);font-family:Open Sans;\"\n\t\t\t\t\t\t\t>Valorizzare ogni talento e supportare ogni bisogno educativo \u00e8 la mission della nostra scuola. Scopri la nostra offerta formativa e partecipa con noi! \n\t\t\t\t\t\t\t<\/rs-layer><!--\n\n\t\t\t\t\t\t\t--><rs-layer\n\t\t\t\t\t\t\t\tid=\"slider-1-slide-3-layer-4\" \n\t\t\t\t\t\t\t\tclass=\"rev-btn\"\n\t\t\t\t\t\t\t\tdata-type=\"button\"\n\t\t\t\t\t\t\t\tdata-color=\"rgba(0,0,0,1)\"\n\t\t\t\t\t\t\t\tdata-xy=\"x:c;y:m;yo:133px,159px,141px,102px;\"\n\t\t\t\t\t\t\t\tdata-text=\"s:15;l:40;fw:700;\"\n\t\t\t\t\t\t\t\tdata-actions='o:click;a:simplelink;target:_self;url:https:\/\/www.scuolamonterisi.edu.it\/index.php\/admission\/;'\n\t\t\t\t\t\t\t\tdata-rsp_o=\"off\"\n\t\t\t\t\t\t\t\tdata-rsp_bd=\"off\"\n\t\t\t\t\t\t\t\tdata-padding=\"r:30;l:30;\"\n\t\t\t\t\t\t\t\tdata-frame_0=\"y:20px;sX:0.9;sY:0.9;\"\n\t\t\t\t\t\t\t\tdata-frame_1=\"e:power4.out;st:900;sp:1000;sR:900;\"\n\t\t\t\t\t\t\t\tdata-frame_999=\"o:0;e:nothing;st:w;sR:7100;\"\n\t\t\t\t\t\t\t\tdata-frame_hover=\"c:#000;bgc:#eee;boc:#000;bor:0px,0px,0px,0px;bos:solid;oX:50;oY:50;sp:0;e:none;\"\n\t\t\t\t\t\t\t\tstyle=\"z-index:10;background-color:rgba(255,255,255,1);font-family:Open Sans;cursor:pointer;outline:none;box-shadow:none;box-sizing:border-box;-moz-box-sizing:border-box;-webkit-box-sizing:border-box;\"\n\t\t\t\t\t\t\t>ISCRIZIONI 2026 - 2027\n \n\t\t\t\t\t\t\t<\/rs-layer><!--\n-->\t\t\t\t\t\t<\/rs-slide>\n\t\t\t\t\t\t<rs-slide data-key=\"rs-14\" data-title=\"Slide\" data-thumb=\"\/\/www.scuolamonterisi.edu.it\/wp-content\/uploads\/2020\/12\/banner-sito-Percorsi-ad-Indirizzo-Musicale-scaled-100x50.jpg\" data-duration=\"28000ms\" data-anim=\"ei:d;eo:d;s:d;r:0;t:slotslide-horizontal;sl:d;\" data-mediafilter=\"gingham\">\n\t\t\t\t\t\t\t<img src=\"\/\/www.scuolamonterisi.edu.it\/wp-content\/plugins\/revslider\/public\/assets\/assets\/dummy.png\" title=\"banner sito Percorsi ad Indirizzo Musicale\" width=\"2560\" height=\"1433\" data-lazyload=\"\/\/www.scuolamonterisi.edu.it\/wp-content\/uploads\/2020\/12\/banner-sito-Percorsi-ad-Indirizzo-Musicale-scaled.jpg\" data-bg=\"f:contain;\" class=\"rev-slidebg\" data-no-retina>\n<!--\n\t\t\t\t\t\t\t--><rs-layer\n\t\t\t\t\t\t\t\tid=\"slider-1-slide-14-layer-4\" \n\t\t\t\t\t\t\t\tclass=\"rev-btn\"\n\t\t\t\t\t\t\t\tdata-type=\"button\"\n\t\t\t\t\t\t\t\tdata-color=\"rgba(0,0,0,1)\"\n\t\t\t\t\t\t\t\tdata-xy=\"x:c;xo:16px,0,0,0;y:m;yo:40px,159px,141px,102px;\"\n\t\t\t\t\t\t\t\tdata-text=\"s:15;l:40;fw:700;\"\n\t\t\t\t\t\t\t\tdata-actions='o:click;a:simplelink;target:_self;url:https:\/\/forms.gle\/95tXER88FUFqfCdc7;'\n\t\t\t\t\t\t\t\tdata-rsp_o=\"off\"\n\t\t\t\t\t\t\t\tdata-rsp_bd=\"off\"\n\t\t\t\t\t\t\t\tdata-padding=\"r:30;l:30;\"\n\t\t\t\t\t\t\t\tdata-frame_0=\"y:20px;sX:0.9;sY:0.9;\"\n\t\t\t\t\t\t\t\tdata-frame_1=\"e:power4.out;st:900;sp:1000;sR:900;\"\n\t\t\t\t\t\t\t\tdata-frame_999=\"o:0;e:nothing;st:27900;sR:7100;\"\n\t\t\t\t\t\t\t\tdata-frame_hover=\"c:#000;bgc:#eee;boc:#000;bor:0px,0px,0px,0px;bos:solid;oX:50;oY:50;sp:0;e:none;\"\n\t\t\t\t\t\t\t\tstyle=\"z-index:10;background-color:rgba(255,255,255,1);font-family:Open Sans;cursor:pointer;outline:none;box-shadow:none;box-sizing:border-box;-moz-box-sizing:border-box;-webkit-box-sizing:border-box;\"\n\t\t\t\t\t\t\t>PRENOTAZIONE \n\t\t\t\t\t\t\t<\/rs-layer><!--\n-->\t\t\t\t\t\t<\/rs-slide>\n\t\t\t\t\t\t<rs-slide data-key=\"rs-12\" data-title=\"Slide\" data-thumb=\"\/\/www.scuolamonterisi.edu.it\/wp-content\/uploads\/2020\/12\/abbado2025-100x50.jpg\" data-anim=\"ei:d;eo:d;s:1000;r:0;t:fade;sl:0;\">\n\t\t\t\t\t\t\t<img src=\"\/\/www.scuolamonterisi.edu.it\/wp-content\/plugins\/revslider\/public\/assets\/assets\/dummy.png\" title=\"abbado2025\" width=\"940\" height=\"666\" data-lazyload=\"\/\/www.scuolamonterisi.edu.it\/wp-content\/uploads\/2020\/12\/abbado2025.jpg\" data-bg=\"f:contain;\" class=\"rev-slidebg\" data-no-retina>\n<!---->\t\t\t\t\t\t<\/rs-slide>\n\t\t\t\t\t\t<rs-slide data-key=\"rs-2\" data-title=\"Slide\" data-thumb=\"\/\/www.scuolamonterisi.edu.it\/wp-content\/uploads\/2020\/12\/2-100x50.jpg\" data-anim=\"ei:d;eo:d;s:d;r:0;t:fadefromright;sl:d;\" data-mediafilter=\"gingham\">\n\t\t\t\t\t\t\t<img src=\"\/\/www.scuolamonterisi.edu.it\/wp-content\/plugins\/revslider\/public\/assets\/assets\/dummy.png\" title=\"2\" width=\"1988\" height=\"1117\" data-lazyload=\"\/\/www.scuolamonterisi.edu.it\/wp-content\/uploads\/2020\/12\/2.jpg\" class=\"rev-slidebg\" data-no-retina>\n<!--\n\t\t\t\t\t\t\t--><rs-layer\n\t\t\t\t\t\t\t\tid=\"slider-1-slide-2-layer-1\" \n\t\t\t\t\t\t\t\tdata-type=\"text\"\n\t\t\t\t\t\t\t\tdata-color=\"#264e70\"\n\t\t\t\t\t\t\t\tdata-xy=\"x:c;y:m;yo:-70px,-70px,-70px,-100px;\"\n\t\t\t\t\t\t\t\tdata-text=\"w:normal;s:60,60,40,20;l:70,70,50,30;ls:5px;fw:700;a:center;\"\n\t\t\t\t\t\t\t\tdata-dim=\"w:720px,640,480px,300px;\"\n\t\t\t\t\t\t\t\tdata-rsp_o=\"off\"\n\t\t\t\t\t\t\t\tdata-rsp_bd=\"off\"\n\t\t\t\t\t\t\t\tdata-frame_0=\"y:20px;sX:0.9;sY:0.9;\"\n\t\t\t\t\t\t\t\tdata-frame_1=\"e:power4.out;st:500;sp:1000;sR:500;\"\n\t\t\t\t\t\t\t\tdata-frame_999=\"o:0;e:nothing;st:w;sR:7500;\"\n\t\t\t\t\t\t\t\tstyle=\"z-index:8;font-family:Montserrat;\"\n\t\t\t\t\t\t\t>INNOVAZIONE<BR\/>\nE DIDATTICA \n\t\t\t\t\t\t\t<\/rs-layer><!--\n\n\t\t\t\t\t\t\t--><rs-layer\n\t\t\t\t\t\t\t\tid=\"slider-1-slide-2-layer-2\" \n\t\t\t\t\t\t\t\tdata-type=\"text\"\n\t\t\t\t\t\t\t\tdata-color=\"#000000\"\n\t\t\t\t\t\t\t\tdata-xy=\"x:c;y:m;yo:44px,57px,39px,0;\"\n\t\t\t\t\t\t\t\tdata-text=\"w:normal;s:17,17,17,15;l:26,26,26,24;a:center;\"\n\t\t\t\t\t\t\t\tdata-dim=\"w:720px,480px,480px,300px;\"\n\t\t\t\t\t\t\t\tdata-rsp_o=\"off\"\n\t\t\t\t\t\t\t\tdata-rsp_bd=\"off\"\n\t\t\t\t\t\t\t\tdata-frame_0=\"y:10px;sX:0.9;sY:0.9;\"\n\t\t\t\t\t\t\t\tdata-frame_1=\"e:power4.out;st:700;sp:1000;sR:700;\"\n\t\t\t\t\t\t\t\tdata-frame_999=\"o:0;e:nothing;st:w;sR:7300;\"\n\t\t\t\t\t\t\t\tstyle=\"z-index:9;background-color:rgba(255,255,255,0.72);font-family:Open Sans;\"\n\t\t\t\t\t\t\t>Continua l'impegno per dotare alunni e docenti di nuovi strumenti tecnologici per proseguire il nostro percorso di innovazione e ricerca nella didattica \n\t\t\t\t\t\t\t<\/rs-layer><!--\n\n\t\t\t\t\t\t\t--><rs-layer\n\t\t\t\t\t\t\t\tid=\"slider-1-slide-2-layer-4\" \n\t\t\t\t\t\t\t\tclass=\"rev-btn\"\n\t\t\t\t\t\t\t\tdata-type=\"button\"\n\t\t\t\t\t\t\t\tdata-color=\"rgba(0,0,0,1)\"\n\t\t\t\t\t\t\t\tdata-xy=\"x:c;y:m;yo:133px,159px,141px,102px;\"\n\t\t\t\t\t\t\t\tdata-text=\"s:15;l:40;fw:700;\"\n\t\t\t\t\t\t\t\tdata-actions='o:click;a:scrollbelow;sp:1000ms;e:power1.inOut;'\n\t\t\t\t\t\t\t\tdata-rsp_o=\"off\"\n\t\t\t\t\t\t\t\tdata-rsp_bd=\"off\"\n\t\t\t\t\t\t\t\tdata-padding=\"r:30;l:30;\"\n\t\t\t\t\t\t\t\tdata-frame_0=\"y:20px;sX:0.9;sY:0.9;\"\n\t\t\t\t\t\t\t\tdata-frame_1=\"e:power4.out;st:900;sp:1000;sR:900;\"\n\t\t\t\t\t\t\t\tdata-frame_999=\"o:0;e:nothing;st:w;sR:7100;\"\n\t\t\t\t\t\t\t\tdata-frame_hover=\"c:#000;bgc:#eee;boc:#000;bor:0px,0px,0px,0px;bos:solid;oX:50;oY:50;sp:0;e:none;\"\n\t\t\t\t\t\t\t\tstyle=\"z-index:10;background-color:rgba(255,255,255,1);font-family:Open Sans;cursor:pointer;outline:none;box-shadow:none;box-sizing:border-box;-moz-box-sizing:border-box;-webkit-box-sizing:border-box;\"\n\t\t\t\t\t\t\t>APPROFONDISCI \n\t\t\t\t\t\t\t<\/rs-layer><!--\n-->\t\t\t\t\t\t<\/rs-slide>\n\t\t\t\t\t<\/rs-slides>\n\t\t\t\t\t<rs-static-layers><!--\n\t\t\t\t\t--><\/rs-static-layers>\n\t\t\t\t<\/rs-module>\n\t\t\t\t<script type=\"text\/javascript\">\n\t\t\t\t\tsetREVStartSize({c: 'rev_slider_1_1',rl:[1240,1024,778,480],el:[800,768,960,720],gw:[1200,1024,778,480],gh:[800,768,960,720],type:'standard',justify:'',layout:'fullwidth',mh:\"0\"});\n\t\t\t\t\tvar\trevapi1,\n\t\t\t\t\t\ttpj;\n\t\t\t\t\tfunction revinit_revslider11() {\n\t\t\t\t\tjQuery(function() {\n\t\t\t\t\t\ttpj = jQuery;\n\t\t\t\t\t\trevapi1 = tpj(\"#rev_slider_1_1\");\n\t\t\t\t\t\tif(revapi1==undefined || revapi1.revolution == undefined){\n\t\t\t\t\t\t\trevslider_showDoubleJqueryError(\"rev_slider_1_1\");\n\t\t\t\t\t\t}else{\n\t\t\t\t\t\t\trevapi1.revolution({\n\t\t\t\t\t\t\t\tsliderLayout:\"fullwidth\",\n\t\t\t\t\t\t\t\tvisibilityLevels:\"1240,1024,778,480\",\n\t\t\t\t\t\t\t\tgridwidth:\"1200,1024,778,480\",\n\t\t\t\t\t\t\t\tgridheight:\"800,768,960,720\",\n\t\t\t\t\t\t\t\tenableUpscaling:true,\n\t\t\t\t\t\t\t\tlazyType:\"smart\",\n\t\t\t\t\t\t\t\tperspective:600,\n\t\t\t\t\t\t\t\tperspectiveType:\"local\",\n\t\t\t\t\t\t\t\teditorheight:\"800,768,960,720\",\n\t\t\t\t\t\t\t\tresponsiveLevels:\"1240,1024,778,480\",\n\t\t\t\t\t\t\t\tprogressBar: {\n\t\t\t\t\t\t\t\t\tcolor:\"rgba(255,255,255,0.25)\",\n\t\t\t\t\t\t\t\t\tvertical:\"top\",\n\t\t\t\t\t\t\t\t\tsize:8,\n\t\t\t\t\t\t\t\t\tx:0,\n\t\t\t\t\t\t\t\t\ty:0\n\t\t\t\t\t\t\t\t},\n\t\t\t\t\t\t\t\tnavigation: {\n\t\t\t\t\t\t\t\t\tmouseScrollNavigation:false,\n\t\t\t\t\t\t\t\t\tonHoverStop:false,\n\t\t\t\t\t\t\t\t\ttouch: {\n\t\t\t\t\t\t\t\t\t\ttouchenabled:true\n\t\t\t\t\t\t\t\t\t},\n\t\t\t\t\t\t\t\t\tarrows: {\n\t\t\t\t\t\t\t\t\t\tenable:true,\n\t\t\t\t\t\t\t\t\t\tstyle:\"uranus\",\n\t\t\t\t\t\t\t\t\t\thide_onmobile:true,\n\t\t\t\t\t\t\t\t\t\thide_under:767,\n\t\t\t\t\t\t\t\t\t\tleft: {\n\n\t\t\t\t\t\t\t\t\t\t},\n\t\t\t\t\t\t\t\t\t\tright: {\n\n\t\t\t\t\t\t\t\t\t\t}\n\t\t\t\t\t\t\t\t\t},\n\t\t\t\t\t\t\t\t\tbullets: {\n\t\t\t\t\t\t\t\t\t\tenable:true,\n\t\t\t\t\t\t\t\t\t\ttmp:\"\",\n\t\t\t\t\t\t\t\t\t\tstyle:\"hermes\"\n\t\t\t\t\t\t\t\t\t}\n\t\t\t\t\t\t\t\t},\n\t\t\t\t\t\t\t\tfallbacks: {\n\t\t\t\t\t\t\t\t\tallowHTML5AutoPlayOnAndroid:true\n\t\t\t\t\t\t\t\t},\n\t\t\t\t\t\t\t});\n\t\t\t\t\t\t}\n\t\t\t\t\t\t\n\t\t\t\t\t});\n\t\t\t\t\t} \/\/ End of RevInitScript\n\t\t\t\tvar once_revslider11 = false;\n\t\t\t\tif (document.readyState === \"loading\") {document.addEventListener('readystatechange',function() { if((document.readyState === \"interactive\" || document.readyState === \"complete\") && !once_revslider11 ) { once_revslider11 = true; revinit_revslider11();}});} else {once_revslider11 = true; revinit_revslider11();}\n\t\t\t\t<\/script>\n\t\t\t\t<script>\n\t\t\t\t\tvar htmlDivCss = unescape(\".rev_slider%2C%20.rev_slider_wrapper%20%7B%20%0Aoverflow%3Ahidden%20%21important%3B%0A%7D%0A.rev_slider%20rs-sbg-wrap%3Aafter%20%7B%0A%20%20%20%20width%3A%20100%25%3B%0A%20%20%20%20height%3A%20100%25%3B%0A%20%20%20%20content%3A%20%22%22%3B%0A%20%20%20%20position%3A%20absolute%3B%0A%20%20%20%20left%3A%200%3B%0A%20%20%20%20top%3A%200%3B%0A%20%20%20%20pointer-events%3A%20none%3B%0A%20%0A%20%20%20%20%2F%2A%20black%20overlay%20with%2050%25%20transparency%20%2A%2F%0A%20%20%20%20background%3Argba%280%2C%200%2C%200%2C%200.3%29%3B%0A%7D\");\n\t\t\t\t\tvar htmlDiv = document.getElementById('rs-plugin-settings-inline-css');\n\t\t\t\t\tif(htmlDiv) {\n\t\t\t\t\t\thtmlDiv.innerHTML = htmlDiv.innerHTML + htmlDivCss;\n\t\t\t\t\t}else{\n\t\t\t\t\t\tvar htmlDiv = document.createElement('div');\n\t\t\t\t\t\thtmlDiv.innerHTML = '<style>' + htmlDivCss + '<\/style>';\n\t\t\t\t\t\tdocument.getElementsByTagName('head')[0].appendChild(htmlDiv.childNodes[0]);\n\t\t\t\t\t}\n\t\t\t\t<\/script>\n\t\t\t\t<script>\n\t\t\t\t\tvar htmlDivCss = unescape(\"%23rev_slider_1_1_wrapper%20.uranus.tparrows%20%7B%0A%20%20width%3A60px%3B%0A%20%20height%3A60px%3B%0A%20%20background%3Argba%28255%2C255%2C255%2C0%29%3B%0A%20%7D%0A%20%23rev_slider_1_1_wrapper%20.uranus.tparrows%3Abefore%20%7B%0A%20width%3A60px%3B%0A%20height%3A60px%3B%0A%20line-height%3A60px%3B%0A%20font-size%3A60px%3B%0A%20transition%3Aall%200.3s%3B%0A-webkit-transition%3Aall%200.3s%3B%0A%20%7D%0A%20%0A%20%20%23rev_slider_1_1_wrapper%20.uranus.tparrows%3Ahover%3Abefore%20%7B%0A%20%20%20%20opacity%3A0.75%3B%0A%20%20%7D%0A%23rev_slider_1_1_wrapper%20.hermes.tp-bullets%20%7B%0A%7D%0A%0A%23rev_slider_1_1_wrapper%20.hermes%20.tp-bullet%20%7B%0A%20%20%20%20overflow%3Ahidden%3B%0A%20%20%20%20border-radius%3A50%25%3B%0A%20%20%20%20width%3A12px%3B%0A%20%20%20%20height%3A12px%3B%0A%20%20%20%20background-color%3A%20rgba%280%2C%200%2C%200%2C%200%29%3B%0A%20%20%20%20box-shadow%3A%20inset%200%200%200%202px%20%23ffffff%3B%0A%20%20%20%20-webkit-transition%3A%20background%200.3s%20ease%3B%0A%20%20%20%20transition%3A%20background%200.3s%20ease%3B%0A%20%20%20%20position%3Aabsolute%3B%0A%7D%0A%0A%23rev_slider_1_1_wrapper%20.hermes%20.tp-bullet%3Ahover%20%7B%0A%09%20%20background-color%3A%20rgba%280%2C0%2C0%2C0.21%29%3B%0A%7D%0A%23rev_slider_1_1_wrapper%20.hermes%20.tp-bullet%3Aafter%20%7B%0A%20%20content%3A%20%27%20%27%3B%0A%20%20position%3A%20absolute%3B%0A%20%20bottom%3A%200%3B%0A%20%20height%3A%200%3B%0A%20%20left%3A%200%3B%0A%20%20width%3A%20100%25%3B%0A%20%20background-color%3A%20%23ffffff%3B%0A%20%20box-shadow%3A%200%200%201px%20%23ffffff%3B%0A%20%20-webkit-transition%3A%20height%200.3s%20ease%3B%0A%20%20transition%3A%20height%200.3s%20ease%3B%0A%7D%0A%23rev_slider_1_1_wrapper%20.hermes%20.tp-bullet.selected%3Aafter%20%7B%0A%20%20height%3A100%25%3B%0A%7D%0A%0A\");\n\t\t\t\t\tvar htmlDiv = document.getElementById('rs-plugin-settings-inline-css');\n\t\t\t\t\tif(htmlDiv) {\n\t\t\t\t\t\thtmlDiv.innerHTML = htmlDiv.innerHTML + htmlDivCss;\n\t\t\t\t\t}else{\n\t\t\t\t\t\tvar htmlDiv = document.createElement('div');\n\t\t\t\t\t\thtmlDiv.innerHTML = '<style>' + htmlDivCss + '<\/style>';\n\t\t\t\t\t\tdocument.getElementsByTagName('head')[0].appendChild(htmlDiv.childNodes[0]);\n\t\t\t\t\t}\n\t\t\t\t<\/script>\n\t\t\t\t<script>\n\t\t\t\t\tvar htmlDivCss = unescape(\"%0A%0A%0A%0A%0A%0A%0A%0A%0A%0A%0A%0A%0A%0A\");\n\t\t\t\t\tvar htmlDiv = document.getElementById('rs-plugin-settings-inline-css');\n\t\t\t\t\tif(htmlDiv) {\n\t\t\t\t\t\thtmlDiv.innerHTML = htmlDiv.innerHTML + htmlDivCss;\n\t\t\t\t\t}else{\n\t\t\t\t\t\tvar htmlDiv = document.createElement('div');\n\t\t\t\t\t\thtmlDiv.innerHTML = '<style>' + htmlDivCss + '<\/style>';\n\t\t\t\t\t\tdocument.getElementsByTagName('head')[0].appendChild(htmlDiv.childNodes[0]);\n\t\t\t\t\t}\n\t\t\t\t<\/script>\n\t\t\t<\/rs-module-wrap>\n\t\t\t<!-- END REVOLUTION SLIDER -->\n<\/div><\/div><\/div><\/div><\/div><\/div><div class=\"kc-elm kc-css-246688 kc-row-container module information-boxes\"><div class=\"wc-row\"><div class=\"kc-wrap-columns\"><div class=\"kc-elm kc-css-173419 small-12 columns small-12\"><div class=\"kc-col-container\"><div class=\"kc-elm kc-css-409562 kc_text_block\"><\/p>\n<h3><i class=\"fa fa-book\"><\/i> Our Courses<\/h3>\n<p>We are very happy to introduce many dynamic courses which includes many new and great features happy to &#8230;<\/p>\n<ul class=\"no-bullet\">\n<li><i class=\"fa fa-check-square-o\"><\/i> Better designed programs for you<\/li>\n<li><i class=\"fa fa-check-square-o\"><\/i> Online Availability to sources<\/li>\n<li><i class=\"fa fa-check-square-o\"><\/i> Helping Board in your learning management<\/li>\n<\/ul>\n<div class=\"clearfix\"><\/div>\n<div class=\"text-center\"><a class=\"primary button bordered-light\" href=\"#\">Find out More!<\/a><\/div>\n<p>\n<\/div><\/div><\/div><div class=\"kc-elm kc-css-761497 small-12 columns small-12\"><div class=\"kc-col-container\"><div class=\"kc-elm kc-css-208975 kc_text_block\"><\/p>\n<h3><i class=\"fa fa-users\"><\/i> Our Teachers<\/h3>\n<p>We have got some best teachers available in town who can help you to polish your skills as much as you can &#8230;<\/p>\n<ul class=\"no-bullet\">\n<li><i class=\"fa fa-check-square-o\"><\/i> Better designed programs for you<\/li>\n<li><i class=\"fa fa-check-square-o\"><\/i> Online Availability to sources<\/li>\n<li><i class=\"fa fa-check-square-o\"><\/i> Helping Board in your learning management<\/li>\n<\/ul>\n<div class=\"clearfix\"><\/div>\n<div class=\"text-center\"><a class=\"primary button bordered-light\" href=\"#\">Meet Our Teachers!<\/a><\/div>\n<p>\n<\/div><\/div><\/div><div class=\"kc-elm kc-css-803735 small-12 columns small-12\"><div class=\"kc-col-container\"><div class=\"kc-elm kc-css-640223 kc_text_block\"><\/p>\n<h3><i class=\"fa fa-sign-in\"><\/i> Admission Proccess<\/h3>\n<p>We are happy to tell you that we are accepting new addmissions for new batch so dont delay get &#8230;<\/p>\n<ul class=\"no-bullet\">\n<li><i class=\"fa fa-check-square-o\"><\/i> Find a course best suits your skills<\/li>\n<li><i class=\"fa fa-check-square-o\"><\/i> Attent the seminar related to that course<\/li>\n<li><i class=\"fa fa-check-square-o\"><\/i> Helping Board in your learning management<\/li>\n<\/ul>\n<div class=\"clearfix\"><\/div>\n<div class=\"text-center\"><a class=\"primary button bordered-light\" href=\"#\">Get Enrolled!<\/a><\/div>\n<p>\n<\/div><\/div><\/div><\/div><\/div><\/div><div class=\"kc-elm kc-css-626638 kc-row-container module\"><div class=\"wc-row row\"><div class=\"kc-wrap-columns\"><div class=\"kc-elm kc-css-495561 small-12 columns small-12\"><div class=\"kc-col-container\"><div class=\"kc-elm kc-css-546110 kc_shortcode kc_single_image\">\n\n        <img src=\"https:\/\/www.scuolamonterisi.edu.it\/wp-content\/uploads\/2016\/11\/education_bg.jpg\" class=\"\" alt=\"\" \/>    <\/div>\n<\/div><\/div><div class=\"kc-elm kc-css-16079 small-12 columns small-12\"><div class=\"kc-col-container\"><div class=\"kc-elm kc-css-564728 kc_text_block welcome-message\"><\/p>\n<h2>Welcome to <span style=\"color: #e79800;\">Webful Education!<\/span><\/h2>\n<h3>We are eager to give you best Education and style.<\/h3>\n<p>Lorem ipsum dolor sit amet, consectetur adipiscing elit. Nam feugiat mauris quis volutpat fermentum. Nunc nec nisi vitae ipsum pharetra tincidunt. Nam vel purus dolor. Aliquam erat volutpat. Donec laoreet iaculis elementum. Aliquam ligula nisi, molestie faucibus tortor quis, vulputate imperdiet turpis. In iaculis arcu et aliquam dapibus. Nulla facilisi.<\/p>\n<p>Nunc pellentesque euismod felis id posuere. Nunc maximus aliquet varius. Cras ornare tristique est vel porttitor. Fusce tempor, augue sagittis congue ornare, tortor augue elementum augue, quis egestas nisi ipsum eget urna. Suspendisse vitae lectus quis turpis dapibus euismod eget a metus. Nulla eget nunc purus. Ut egestas et nulla at pretium. Pellentesque sed varius lectus.<\/p>\n<div><a class=\"primary bordered-dark button\" href=\"#\">Meet Our Teachers!<\/a><\/div>\n<p>\n<\/div><\/div><\/div><\/div><\/div><\/div><div class=\"kc-elm kc-css-741037 kc-row-container module grey-bg\"><div class=\"wc-row row\"><div class=\"kc-wrap-columns\"><div class=\"kc-elm kc-css-474338 small-12 columns small-12\"><div class=\"kc-col-container\"><div id=\"267580\" class=\"section-title-wrapper\"><div class=\"section-title\"><h2>Our Courses<\/h2><p>Find Best Course For Yourself!<\/p><\/div><!-- Section title \/--><\/div><!-- Title Wrapper \/--><div id=\"501108\" class=\"course-wrapper row\"><ul class=\"tabs\" data-tabs id=\"tabs_501108\" role=\"tablist\"><li class=\"tabs-title is-active\"><a href=\"#strumento-musicale\">Strumento Musicale<\/a><\/li><\/ul><div class=\"tabs-content\" data-tabs-content=\"tabs_501108\"><div class=\"tabs-panel padding-between team-wrap  is-active\" id=\"strumento-musicale\"><div class=\"medium-4 small-12 columns\"><div class=\"course\"><div class=\"course-thumb\"><a href=\"https:\/\/www.scuolamonterisi.edu.it\/index.php\/courses\/pianoforte-3\/\"><img width=\"350\" height=\"200\" src=\"https:\/\/www.scuolamonterisi.edu.it\/wp-content\/uploads\/2020\/12\/4mani-e1651519548722.jpg\" class=\"attachment-wc-grid-course-thumb size-wc-grid-course-thumb wp-post-image\" alt=\"\" loading=\"lazy\" \/><\/a><a href=\"https:\/\/www.scuolamonterisi.edu.it\/index.php\/Personale\/anna-petroli\/\"><img width=\"150\" height=\"150\" src=\"https:\/\/www.scuolamonterisi.edu.it\/wp-content\/uploads\/2020\/12\/Petroli-copia.jpg\" class=\"teacher wp-post-image\" alt=\"\" loading=\"lazy\" \/><\/a><div class=\"teacher-name\"><a href=\"https:\/\/www.scuolamonterisi.edu.it\/index.php\/Personale\/anna-petroli\/\">Anna Petroli<\/a><\/div><!-- Teacher Title --><\/div><!-- Course Thumb \/--><h3><a href=\"https:\/\/www.scuolamonterisi.edu.it\/index.php\/courses\/pianoforte-3\/\">PIANOFORTE<\/a><\/h3><p>Il perseguimento degli obiettivi sotto indicati si articoler\u00e0 sia in attivit\u00e0 individuali sia in attivit\u00e0 <\/p><ul class=\"no-bullet arrow-starter\"><li>Intero Anno Scolastico<\/li><li>2 incontri pomeridiani a settimana in orario da concordare con docente<\/li><\/ul><a href=\"https:\/\/www.scuolamonterisi.edu.it\/index.php\/courses\/pianoforte-3\/\" class=\"secondary button\">Register Yourself!<\/a><div class=\"clearfix\"><\/div><\/div><!-- Course div ends \/--><\/div><!-- Columns Ends \/--><div class=\"medium-4 small-12 columns\"><div class=\"course\"><div class=\"course-thumb\"><a href=\"https:\/\/www.scuolamonterisi.edu.it\/index.php\/courses\/pianoforte-2\/\"><img width=\"350\" height=\"200\" src=\"https:\/\/www.scuolamonterisi.edu.it\/wp-content\/uploads\/2020\/12\/pianoalfi.jpg\" class=\"attachment-wc-grid-course-thumb size-wc-grid-course-thumb wp-post-image\" alt=\"\" loading=\"lazy\" \/><\/a><a href=\"https:\/\/www.scuolamonterisi.edu.it\/index.php\/Personale\/rosa-alfinito\/\"><img width=\"150\" height=\"150\" src=\"https:\/\/www.scuolamonterisi.edu.it\/wp-content\/uploads\/2020\/12\/PHOTO-2020-12-26-21-30-51.jpg\" class=\"teacher wp-post-image\" alt=\"\" loading=\"lazy\" \/><\/a><div class=\"teacher-name\"><a href=\"https:\/\/www.scuolamonterisi.edu.it\/index.php\/Personale\/rosa-alfinito\/\">Rosa Alfinito<\/a><\/div><!-- Teacher Title --><\/div><!-- Course Thumb \/--><h3><a href=\"https:\/\/www.scuolamonterisi.edu.it\/index.php\/courses\/pianoforte-2\/\">PIANOFORTE<\/a><\/h3><p>Il perseguimento degli obiettivi sotto indicati si articoler\u00e0 sia in attivit\u00e0 individuali sia in attivit\u00e0 <\/p><ul class=\"no-bullet arrow-starter\"><li>Intero Anno Scolastico<\/li><li>2 incontri pomeridiani a settimana in orario da concordare con docente<\/li><\/ul><a href=\"https:\/\/www.scuolamonterisi.edu.it\/index.php\/courses\/pianoforte-2\/\" class=\"secondary button\">Register Yourself!<\/a><div class=\"clearfix\"><\/div><\/div><!-- Course div ends \/--><\/div><!-- Columns Ends \/--><div class=\"medium-4 small-12 columns\"><div class=\"course\"><div class=\"course-thumb\"><a href=\"https:\/\/www.scuolamonterisi.edu.it\/index.php\/courses\/orchestra-fiati\/\"><img width=\"350\" height=\"200\" src=\"https:\/\/www.scuolamonterisi.edu.it\/wp-content\/uploads\/2020\/12\/fiatior.jpg\" class=\"attachment-wc-grid-course-thumb size-wc-grid-course-thumb wp-post-image\" alt=\"\" loading=\"lazy\" \/><\/a><a href=\"https:\/\/www.scuolamonterisi.edu.it\/index.php\/Personale\/nicola-de-giacomo\/\"><img width=\"150\" height=\"150\" src=\"https:\/\/www.scuolamonterisi.edu.it\/wp-content\/uploads\/2016\/11\/nicola.jpg\" class=\"teacher wp-post-image\" alt=\"\" loading=\"lazy\" \/><\/a><div class=\"teacher-name\"><a href=\"https:\/\/www.scuolamonterisi.edu.it\/index.php\/Personale\/nicola-de-giacomo\/\">Nicola De Giacomo<\/a><\/div><!-- Teacher Title --><div class=\"price-tag\"> Extracurriculare<\/div><\/div><!-- Course Thumb \/--><h3><a href=\"https:\/\/www.scuolamonterisi.edu.it\/index.php\/courses\/orchestra-fiati\/\">ORCHESTRA FIATI<\/a><\/h3><p>L\u2019equipe dei docenti di strumento si \u00e8 costituita a seguito di un\u2019esperienza comune di anni di professionalit\u00e0 <\/p><ul class=\"no-bullet arrow-starter\"><li>da Ottobre a Giugno<\/li><li>Un incontro a settimana il Venerd\u00ec dalle 15:15 alle 17:15<\/li><\/ul><a href=\"https:\/\/www.scuolamonterisi.edu.it\/index.php\/courses\/orchestra-fiati\/\" class=\"secondary button\">Register Yourself!<\/a><div class=\"clearfix\"><\/div><\/div><!-- Course div ends \/--><\/div><!-- Columns Ends \/--><div class=\"medium-4 small-12 columns\"><div class=\"course\"><div class=\"course-thumb\"><a href=\"https:\/\/www.scuolamonterisi.edu.it\/index.php\/courses\/chitarra-2\/\"><img width=\"350\" height=\"200\" src=\"https:\/\/www.scuolamonterisi.edu.it\/wp-content\/uploads\/2020\/12\/guitar.jpg\" class=\"attachment-wc-grid-course-thumb size-wc-grid-course-thumb wp-post-image\" alt=\"\" loading=\"lazy\" \/><\/a><a href=\"https:\/\/www.scuolamonterisi.edu.it\/index.php\/Personale\/antonio-dauria\/\"><img width=\"150\" height=\"150\" src=\"https:\/\/www.scuolamonterisi.edu.it\/wp-content\/uploads\/2020\/12\/chitarra-classica-150x150.jpg\" class=\"teacher wp-post-image\" alt=\"\" loading=\"lazy\" \/><\/a><div class=\"teacher-name\"><a href=\"https:\/\/www.scuolamonterisi.edu.it\/index.php\/Personale\/antonio-dauria\/\">Antonio D&#039;Auria<\/a><\/div><!-- Teacher Title --><\/div><!-- Course Thumb \/--><h3><a href=\"https:\/\/www.scuolamonterisi.edu.it\/index.php\/courses\/chitarra-2\/\">CHITARRA<\/a><\/h3><p>Il perseguimento degli obiettivi sotto indicati si articoler\u00e0 sia in attivit\u00e0 individuali sia in attivit\u00e0 <\/p><ul class=\"no-bullet arrow-starter\"><li>Intero Anno Scolastico<\/li><li>2 incontri pomeridiani a settimana in orario da concordare con docente<\/li><\/ul><a href=\"https:\/\/www.scuolamonterisi.edu.it\/index.php\/courses\/chitarra-2\/\" class=\"secondary button\">Register Yourself!<\/a><div class=\"clearfix\"><\/div><\/div><!-- Course div ends \/--><\/div><!-- Columns Ends \/--><div class=\"medium-4 small-12 columns\"><div class=\"course\"><div class=\"course-thumb\"><a href=\"https:\/\/www.scuolamonterisi.edu.it\/index.php\/courses\/learn-sql\/\"><img width=\"350\" height=\"200\" src=\"https:\/\/www.scuolamonterisi.edu.it\/wp-content\/uploads\/2016\/11\/oboe.jpg\" class=\"attachment-wc-grid-course-thumb size-wc-grid-course-thumb wp-post-image\" alt=\"\" loading=\"lazy\" \/><\/a><a href=\"https:\/\/www.scuolamonterisi.edu.it\/index.php\/Personale\/lia-merlino\/\"><img width=\"150\" height=\"150\" src=\"https:\/\/www.scuolamonterisi.edu.it\/wp-content\/uploads\/2020\/12\/Lia.jpg\" class=\"teacher wp-post-image\" alt=\"\" loading=\"lazy\" \/><\/a><div class=\"teacher-name\"><a href=\"https:\/\/www.scuolamonterisi.edu.it\/index.php\/Personale\/lia-merlino\/\">Lia Merlino<\/a><\/div><!-- Teacher Title --><\/div><!-- Course Thumb \/--><h3><a href=\"https:\/\/www.scuolamonterisi.edu.it\/index.php\/courses\/learn-sql\/\">OBOE<\/a><\/h3><p>Il perseguimento degli obiettivi sotto indicati si articoler\u00e0 sia in attivit\u00e0 individuali sia in attivit\u00e0 <\/p><ul class=\"no-bullet arrow-starter\"><li>Intero Anno Scolastico<\/li><li>2 incontri pomeridiani a settimana in orario da concordare con docente<\/li><\/ul><a href=\"https:\/\/www.scuolamonterisi.edu.it\/index.php\/courses\/learn-sql\/\" class=\"secondary button\">Register Yourself!<\/a><div class=\"clearfix\"><\/div><\/div><!-- Course div ends \/--><\/div><!-- Columns Ends \/--><div class=\"medium-4 small-12 columns\"><div class=\"course\"><div class=\"course-thumb\"><a href=\"https:\/\/www.scuolamonterisi.edu.it\/index.php\/courses\/corno\/\"><img width=\"350\" height=\"200\" src=\"https:\/\/www.scuolamonterisi.edu.it\/wp-content\/uploads\/2016\/11\/horn-1.jpg\" class=\"attachment-wc-grid-course-thumb size-wc-grid-course-thumb wp-post-image\" alt=\"\" loading=\"lazy\" \/><\/a><a href=\"https:\/\/www.scuolamonterisi.edu.it\/index.php\/Personale\/antonio-proto\/\"><img width=\"150\" height=\"150\" src=\"https:\/\/www.scuolamonterisi.edu.it\/wp-content\/uploads\/2016\/11\/proto.jpg\" class=\"teacher wp-post-image\" alt=\"\" loading=\"lazy\" \/><\/a><div class=\"teacher-name\"><a href=\"https:\/\/www.scuolamonterisi.edu.it\/index.php\/Personale\/antonio-proto\/\">Antonio Proto<\/a><\/div><!-- Teacher Title --><\/div><!-- Course Thumb \/--><h3><a href=\"https:\/\/www.scuolamonterisi.edu.it\/index.php\/courses\/corno\/\">CORNO<\/a><\/h3><p>Il perseguimento degli obiettivi sotto indicati si articoler\u00e0 sia in attivit\u00e0 individuali sia in attivit\u00e0 <\/p><ul class=\"no-bullet arrow-starter\"><li>Intero Anno Scolastico<\/li><li>2 incontri pomeridiani a settimana in orario da concordare con docente<\/li><\/ul><a href=\"https:\/\/www.scuolamonterisi.edu.it\/index.php\/courses\/corno\/\" class=\"secondary button\">Register Yourself!<\/a><div class=\"clearfix\"><\/div><\/div><!-- Course div ends \/--><\/div><!-- Columns Ends \/--><div class=\"medium-4 small-12 columns\"><div class=\"course\"><div class=\"course-thumb\"><a href=\"https:\/\/www.scuolamonterisi.edu.it\/index.php\/courses\/learn-pascal\/\"><img width=\"350\" height=\"200\" src=\"https:\/\/www.scuolamonterisi.edu.it\/wp-content\/uploads\/2016\/11\/thumbnail_violin.jpg\" class=\"attachment-wc-grid-course-thumb size-wc-grid-course-thumb wp-post-image\" alt=\"\" loading=\"lazy\" \/><\/a><a href=\"https:\/\/www.scuolamonterisi.edu.it\/index.php\/Personale\/jhon-doe\/\"><img width=\"150\" height=\"150\" src=\"https:\/\/www.scuolamonterisi.edu.it\/wp-content\/uploads\/2016\/11\/rag-copia.jpg\" class=\"teacher wp-post-image\" alt=\"\" loading=\"lazy\" \/><\/a><div class=\"teacher-name\"><a href=\"https:\/\/www.scuolamonterisi.edu.it\/index.php\/Personale\/jhon-doe\/\">Anna Ragone<\/a><\/div><!-- Teacher Title --><\/div><!-- Course Thumb \/--><h3><a href=\"https:\/\/www.scuolamonterisi.edu.it\/index.php\/courses\/learn-pascal\/\">VIOLINO<\/a><\/h3><p>Il perseguimento degli obiettivi sotto indicati si articoler\u00e0 sia in attivit\u00e0 individuali sia in attivit\u00e0 <\/p><ul class=\"no-bullet arrow-starter\"><li>Intero Anno Scolastico<\/li><li>2 incontri pomeridiani a settimana in orario da concordare con docente<\/li><\/ul><a href=\"https:\/\/www.scuolamonterisi.edu.it\/index.php\/courses\/learn-pascal\/\" class=\"secondary button\">Register Yourself!<\/a><div class=\"clearfix\"><\/div><\/div><!-- Course div ends \/--><\/div><!-- Columns Ends \/--><div class=\"medium-4 small-12 columns\"><div class=\"course\"><div class=\"course-thumb\"><a href=\"https:\/\/www.scuolamonterisi.edu.it\/index.php\/courses\/violino\/\"><img width=\"350\" height=\"200\" src=\"https:\/\/www.scuolamonterisi.edu.it\/wp-content\/uploads\/2016\/11\/violin-lessons-1.jpg\" class=\"attachment-wc-grid-course-thumb size-wc-grid-course-thumb wp-post-image\" alt=\"\" loading=\"lazy\" \/><\/a><a href=\"https:\/\/www.scuolamonterisi.edu.it\/index.php\/Personale\/raffaello-galibardi\/\"><img width=\"150\" height=\"150\" src=\"https:\/\/www.scuolamonterisi.edu.it\/wp-content\/uploads\/2016\/11\/raf.jpg\" class=\"teacher wp-post-image\" alt=\"\" loading=\"lazy\" \/><\/a><div class=\"teacher-name\"><a href=\"https:\/\/www.scuolamonterisi.edu.it\/index.php\/Personale\/raffaello-galibardi\/\">Raffaello Galibardi<\/a><\/div><!-- Teacher Title --><\/div><!-- Course Thumb \/--><h3><a href=\"https:\/\/www.scuolamonterisi.edu.it\/index.php\/courses\/violino\/\">VIOLINO<\/a><\/h3><p>Il perseguimento degli obiettivi sotto indicati si articoler\u00e0 sia in attivit\u00e0 individuali sia in attivit\u00e0 <\/p><ul class=\"no-bullet arrow-starter\"><li>Intero Anno Scolastico<\/li><li>2 incontri pomeridiani a settimana in orario da concordare con docente<\/li><\/ul><a href=\"https:\/\/www.scuolamonterisi.edu.it\/index.php\/courses\/violino\/\" class=\"secondary button\">Register Yourself!<\/a><div class=\"clearfix\"><\/div><\/div><!-- Course div ends \/--><\/div><!-- Columns Ends \/--><div class=\"medium-4 small-12 columns\"><div class=\"course\"><div class=\"course-thumb\"><a href=\"https:\/\/www.scuolamonterisi.edu.it\/index.php\/courses\/violino-carrus\/\"><img width=\"350\" height=\"200\" src=\"https:\/\/www.scuolamonterisi.edu.it\/wp-content\/uploads\/2016\/11\/Hero7x4.jpg\" class=\"attachment-wc-grid-course-thumb size-wc-grid-course-thumb wp-post-image\" alt=\"\" loading=\"lazy\" \/><\/a><a href=\"https:\/\/www.scuolamonterisi.edu.it\/index.php\/Personale\/mr-joe-vet\/\"><img width=\"150\" height=\"150\" src=\"https:\/\/www.scuolamonterisi.edu.it\/wp-content\/uploads\/2016\/11\/pcarrus.jpg\" class=\"teacher wp-post-image\" alt=\"\" loading=\"lazy\" \/><\/a><div class=\"teacher-name\"><a href=\"https:\/\/www.scuolamonterisi.edu.it\/index.php\/Personale\/mr-joe-vet\/\">Giuseppe Carrus<\/a><\/div><!-- Teacher Title --><\/div><!-- Course Thumb \/--><h3><a href=\"https:\/\/www.scuolamonterisi.edu.it\/index.php\/courses\/violino-carrus\/\">VIOLINO<\/a><\/h3><p>Il perseguimento degli obiettivi sotto indicati si articoler\u00e0 sia in attivit\u00e0 individuali sia in attivit\u00e0 <\/p><ul class=\"no-bullet arrow-starter\"><li>Intero Anno Scolastico<\/li><li>2 incontri pomeridiani a settimana in orario da concordare con docente<\/li><\/ul><a href=\"https:\/\/www.scuolamonterisi.edu.it\/index.php\/courses\/violino-carrus\/\" class=\"secondary button\">Register Yourself!<\/a><div class=\"clearfix\"><\/div><\/div><!-- Course div ends \/--><\/div><!-- Columns Ends \/--><div class=\"medium-4 small-12 columns\"><div class=\"course\"><div class=\"course-thumb\"><a href=\"https:\/\/www.scuolamonterisi.edu.it\/index.php\/courses\/fagotto\/\"><img width=\"350\" height=\"200\" src=\"https:\/\/www.scuolamonterisi.edu.it\/wp-content\/uploads\/2016\/11\/fagotto.png\" class=\"attachment-wc-grid-course-thumb size-wc-grid-course-thumb wp-post-image\" alt=\"\" loading=\"lazy\" \/><\/a><a href=\"https:\/\/www.scuolamonterisi.edu.it\/index.php\/Personale\/giuseppe-scala\/\"><img width=\"150\" height=\"150\" src=\"https:\/\/www.scuolamonterisi.edu.it\/wp-content\/uploads\/2016\/11\/peppe.jpg\" class=\"teacher wp-post-image\" alt=\"\" loading=\"lazy\" \/><\/a><div class=\"teacher-name\"><a href=\"https:\/\/www.scuolamonterisi.edu.it\/index.php\/Personale\/giuseppe-scala\/\">Giuseppe Scala<\/a><\/div><!-- Teacher Title --><\/div><!-- Course Thumb \/--><h3><a href=\"https:\/\/www.scuolamonterisi.edu.it\/index.php\/courses\/fagotto\/\">FAGOTTO<\/a><\/h3><p>Il perseguimento degli obiettivi sotto indicati si articoler\u00e0 sia in attivit\u00e0 individuali sia in attivit\u00e0 <\/p><ul class=\"no-bullet arrow-starter\"><li>Intero Anno Scolastico<\/li><li>2 incontri pomeridiani a settimana in orario da concordare con docente<\/li><\/ul><a href=\"https:\/\/www.scuolamonterisi.edu.it\/index.php\/courses\/fagotto\/\" class=\"secondary button\">Register Yourself!<\/a><div class=\"clearfix\"><\/div><\/div><!-- Course div ends \/--><\/div><!-- Columns Ends \/--><div class=\"medium-4 small-12 columns\"><div class=\"course\"><div class=\"course-thumb\"><a href=\"https:\/\/www.scuolamonterisi.edu.it\/index.php\/courses\/downloading-uploading\/\"><img width=\"350\" height=\"200\" src=\"https:\/\/www.scuolamonterisi.edu.it\/wp-content\/uploads\/2016\/11\/violoncello.jpg\" class=\"attachment-wc-grid-course-thumb size-wc-grid-course-thumb wp-post-image\" alt=\"\" loading=\"lazy\" \/><\/a><a href=\"https:\/\/www.scuolamonterisi.edu.it\/index.php\/Personale\/cinzia-de-chiara\/\"><img width=\"150\" height=\"150\" src=\"https:\/\/www.scuolamonterisi.edu.it\/wp-content\/uploads\/2016\/11\/cinzia2.jpg\" class=\"teacher wp-post-image\" alt=\"\" loading=\"lazy\" \/><\/a><div class=\"teacher-name\"><a href=\"https:\/\/www.scuolamonterisi.edu.it\/index.php\/Personale\/cinzia-de-chiara\/\">Cinzia De Chiara<\/a><\/div><!-- Teacher Title --><\/div><!-- Course Thumb \/--><h3><a href=\"https:\/\/www.scuolamonterisi.edu.it\/index.php\/courses\/downloading-uploading\/\">VIOLONCELLO<\/a><\/h3><p>Il perseguimento degli obiettivi sotto indicati si articoler\u00e0 sia in attivit\u00e0 individuali sia in attivit\u00e0 <\/p><ul class=\"no-bullet arrow-starter\"><li>intero Anno Scolastico<\/li><li>2 incontri pomeridiani a settimana in orario da concordare con docente<\/li><\/ul><a href=\"https:\/\/www.scuolamonterisi.edu.it\/index.php\/courses\/downloading-uploading\/\" class=\"secondary button\">Register Yourself!<\/a><div class=\"clearfix\"><\/div><\/div><!-- Course div ends \/--><\/div><!-- Columns Ends \/--><div class=\"medium-4 small-12 columns\"><div class=\"course\"><div class=\"course-thumb\"><a href=\"https:\/\/www.scuolamonterisi.edu.it\/index.php\/courses\/saxofono\/\"><img width=\"350\" height=\"200\" src=\"https:\/\/www.scuolamonterisi.edu.it\/wp-content\/uploads\/2016\/11\/saxofono.jpg\" class=\"attachment-wc-grid-course-thumb size-wc-grid-course-thumb wp-post-image\" alt=\"\" loading=\"lazy\" \/><\/a><a href=\"https:\/\/www.scuolamonterisi.edu.it\/index.php\/Personale\/nicola-de-giacomo\/\"><img width=\"150\" height=\"150\" src=\"https:\/\/www.scuolamonterisi.edu.it\/wp-content\/uploads\/2016\/11\/nicola.jpg\" class=\"teacher wp-post-image\" alt=\"\" loading=\"lazy\" \/><\/a><div class=\"teacher-name\"><a href=\"https:\/\/www.scuolamonterisi.edu.it\/index.php\/Personale\/nicola-de-giacomo\/\">Nicola De Giacomo<\/a><\/div><!-- Teacher Title --><\/div><!-- Course Thumb \/--><h3><a href=\"https:\/\/www.scuolamonterisi.edu.it\/index.php\/courses\/saxofono\/\">SAXOFONO<\/a><\/h3><p>Il perseguimento degli obiettivi sotto indicati si articoler\u00e0 sia in attivit\u00e0 individuali sia in attivit\u00e0 <\/p><ul class=\"no-bullet arrow-starter\"><li>intero Anno Scolastico<\/li><li>2 incontri pomeridiani a settimana in orario da concordare con docente<\/li><\/ul><a href=\"https:\/\/www.scuolamonterisi.edu.it\/index.php\/courses\/saxofono\/\" class=\"secondary button\">Register Yourself!<\/a><div class=\"clearfix\"><\/div><\/div><!-- Course div ends \/--><\/div><!-- Columns Ends \/--><div class=\"medium-4 small-12 columns\"><div class=\"course\"><div class=\"course-thumb\"><a href=\"https:\/\/www.scuolamonterisi.edu.it\/index.php\/courses\/percussioni\/\"><img width=\"350\" height=\"200\" src=\"https:\/\/www.scuolamonterisi.edu.it\/wp-content\/uploads\/2016\/11\/perc.jpg\" class=\"attachment-wc-grid-course-thumb size-wc-grid-course-thumb wp-post-image\" alt=\"\" loading=\"lazy\" \/><\/a><a href=\"https:\/\/www.scuolamonterisi.edu.it\/index.php\/Personale\/raffaele-del-regno\/\"><img width=\"150\" height=\"150\" src=\"https:\/\/www.scuolamonterisi.edu.it\/wp-content\/uploads\/2016\/11\/delregno.jpg\" class=\"teacher wp-post-image\" alt=\"\" loading=\"lazy\" \/><\/a><div class=\"teacher-name\"><a href=\"https:\/\/www.scuolamonterisi.edu.it\/index.php\/Personale\/raffaele-del-regno\/\">Raffaele Del Regno<\/a><\/div><!-- Teacher Title --><\/div><!-- Course Thumb \/--><h3><a href=\"https:\/\/www.scuolamonterisi.edu.it\/index.php\/courses\/percussioni\/\">PERCUSSIONI<\/a><\/h3><p>Il perseguimento degli obiettivi sotto indicati si articoler\u00e0 sia in attivit\u00e0 individuali sia in attivit\u00e0 <\/p><ul class=\"no-bullet arrow-starter\"><li>intero Anno Scolastico<\/li><li>2 incontri pomeridiani a settimana in orario da concordare con docente<\/li><\/ul><a href=\"https:\/\/www.scuolamonterisi.edu.it\/index.php\/courses\/percussioni\/\" class=\"secondary button\">Register Yourself!<\/a><div class=\"clearfix\"><\/div><\/div><!-- Course div ends \/--><\/div><!-- Columns Ends \/--><div class=\"medium-4 small-12 columns\"><div class=\"course\"><div class=\"course-thumb\"><a href=\"https:\/\/www.scuolamonterisi.edu.it\/index.php\/courses\/chitarra\/\"><img width=\"350\" height=\"200\" src=\"https:\/\/www.scuolamonterisi.edu.it\/wp-content\/uploads\/2016\/11\/chitarra.jpg\" class=\"attachment-wc-grid-course-thumb size-wc-grid-course-thumb wp-post-image\" alt=\"\" loading=\"lazy\" \/><\/a><a href=\"https:\/\/www.scuolamonterisi.edu.it\/index.php\/Personale\/francesco-ciriaco\/\"><img width=\"150\" height=\"150\" src=\"https:\/\/www.scuolamonterisi.edu.it\/wp-content\/uploads\/2020\/12\/ciriaco.jpg\" class=\"teacher wp-post-image\" alt=\"\" loading=\"lazy\" \/><\/a><div class=\"teacher-name\"><a href=\"https:\/\/www.scuolamonterisi.edu.it\/index.php\/Personale\/francesco-ciriaco\/\">Francesco Ciriaco<\/a><\/div><!-- Teacher Title --><\/div><!-- Course Thumb \/--><h3><a href=\"https:\/\/www.scuolamonterisi.edu.it\/index.php\/courses\/chitarra\/\">CHITARRA<\/a><\/h3><p>Il perseguimento degli obiettivi sotto indicati si articoler\u00e0 sia in attivit\u00e0 individuali sia in attivit\u00e0 <\/p><ul class=\"no-bullet arrow-starter\"><li>Intero Anno Scolastico<\/li><li>2 incontri pomeridiani a settimana in orario da concordare con docente<\/li><\/ul><a href=\"https:\/\/www.scuolamonterisi.edu.it\/index.php\/courses\/chitarra\/\" class=\"secondary button\">Register Yourself!<\/a><div class=\"clearfix\"><\/div><\/div><!-- Course div ends \/--><\/div><!-- Columns Ends \/--><div class=\"medium-4 small-12 columns\"><div class=\"course\"><div class=\"course-thumb\"><a href=\"https:\/\/www.scuolamonterisi.edu.it\/index.php\/courses\/tromba\/\"><img width=\"350\" height=\"200\" src=\"https:\/\/www.scuolamonterisi.edu.it\/wp-content\/uploads\/2016\/11\/tromba_jazz.jpg\" class=\"attachment-wc-grid-course-thumb size-wc-grid-course-thumb wp-post-image\" alt=\"\" loading=\"lazy\" \/><\/a><a href=\"https:\/\/www.scuolamonterisi.edu.it\/index.php\/Personale\/antonio-vitale\/\"><img width=\"150\" height=\"150\" src=\"https:\/\/www.scuolamonterisi.edu.it\/wp-content\/uploads\/2020\/12\/vitale.jpg\" class=\"teacher wp-post-image\" alt=\"\" loading=\"lazy\" \/><\/a><div class=\"teacher-name\"><a href=\"https:\/\/www.scuolamonterisi.edu.it\/index.php\/Personale\/antonio-vitale\/\">Antonio Vitale<\/a><\/div><!-- Teacher Title --><\/div><!-- Course Thumb \/--><h3><a href=\"https:\/\/www.scuolamonterisi.edu.it\/index.php\/courses\/tromba\/\">TROMBA<\/a><\/h3><p>Il perseguimento degli obiettivi sotto indicati si articoler\u00e0 sia in attivit\u00e0 individuali sia in attivit\u00e0 <\/p><ul class=\"no-bullet arrow-starter\"><li>Intero Anno Scolastico\r\n<\/li><li>2 incontri pomeridiani a settimana in orario da concordare con docente<\/li><\/ul><a href=\"https:\/\/www.scuolamonterisi.edu.it\/index.php\/courses\/tromba\/\" class=\"secondary button\">Register Yourself!<\/a><div class=\"clearfix\"><\/div><\/div><!-- Course div ends \/--><\/div><!-- Columns Ends \/--><div class=\"medium-4 small-12 columns\"><div class=\"course\"><div class=\"course-thumb\"><a href=\"https:\/\/www.scuolamonterisi.edu.it\/index.php\/courses\/flauto\/\"><img width=\"350\" height=\"200\" src=\"https:\/\/www.scuolamonterisi.edu.it\/wp-content\/uploads\/2016\/11\/flauto-traverso-shutter.jpg\" class=\"attachment-wc-grid-course-thumb size-wc-grid-course-thumb wp-post-image\" alt=\"\" loading=\"lazy\" \/><\/a><a href=\"https:\/\/www.scuolamonterisi.edu.it\/index.php\/Personale\/nicola-faiella\/\"><img width=\"150\" height=\"150\" src=\"https:\/\/www.scuolamonterisi.edu.it\/wp-content\/uploads\/2020\/12\/faiella-150x150.jpg\" class=\"teacher wp-post-image\" alt=\"\" loading=\"lazy\" \/><\/a><div class=\"teacher-name\"><a href=\"https:\/\/www.scuolamonterisi.edu.it\/index.php\/Personale\/nicola-faiella\/\">Nicola Faiella<\/a><\/div><!-- Teacher Title --><\/div><!-- Course Thumb \/--><h3><a href=\"https:\/\/www.scuolamonterisi.edu.it\/index.php\/courses\/flauto\/\">FLAUTO TRAVERSO<\/a><\/h3><p>Il perseguimento degli obiettivi sotto indicati si articoler\u00e0 sia in attivit\u00e0 individuali sia in attivit\u00e0 <\/p><ul class=\"no-bullet arrow-starter\"><li>Intero Anno Scolastico\r\n<\/li><li>2 incontri pomeridiani a settimana in orario da concordare con docente<\/li><\/ul><a href=\"https:\/\/www.scuolamonterisi.edu.it\/index.php\/courses\/flauto\/\" class=\"secondary button\">Register Yourself!<\/a><div class=\"clearfix\"><\/div><\/div><!-- Course div ends \/--><\/div><!-- Columns Ends \/--><div class=\"medium-4 small-12 columns\"><div class=\"course\"><div class=\"course-thumb\"><a href=\"https:\/\/www.scuolamonterisi.edu.it\/index.php\/courses\/clarinetto\/\"><img width=\"350\" height=\"200\" src=\"https:\/\/www.scuolamonterisi.edu.it\/wp-content\/uploads\/2016\/11\/clarinette.jpg\" class=\"attachment-wc-grid-course-thumb size-wc-grid-course-thumb wp-post-image\" alt=\"\" loading=\"lazy\" \/><\/a><a href=\"https:\/\/www.scuolamonterisi.edu.it\/index.php\/Personale\/giuseppe-plaitano\/\"><img width=\"150\" height=\"145\" src=\"https:\/\/www.scuolamonterisi.edu.it\/wp-content\/uploads\/2020\/12\/PHOTO-2021-08-26-21-36-10-2.jpg\" class=\"teacher wp-post-image\" alt=\"\" loading=\"lazy\" \/><\/a><div class=\"teacher-name\"><a href=\"https:\/\/www.scuolamonterisi.edu.it\/index.php\/Personale\/giuseppe-plaitano\/\">Giuseppe Plaitano<\/a><\/div><!-- Teacher Title --><\/div><!-- Course Thumb \/--><h3><a href=\"https:\/\/www.scuolamonterisi.edu.it\/index.php\/courses\/clarinetto\/\">CLARINETTO<\/a><\/h3><p>Il perseguimento degli obiettivi sotto indicati si articoler\u00e0 sia in attivit\u00e0 individuali sia in attivit\u00e0 <\/p><ul class=\"no-bullet arrow-starter\"><li>Intero Anno Scolastico<\/li><li>2 incontri pomeridiani a settimana in orario da concordare con docente<\/li><\/ul><a href=\"https:\/\/www.scuolamonterisi.edu.it\/index.php\/courses\/clarinetto\/\" class=\"secondary button\">Register Yourself!<\/a><div class=\"clearfix\"><\/div><\/div><!-- Course div ends \/--><\/div><!-- Columns Ends \/--><div class=\"medium-4 small-12 columns\"><div class=\"course\"><div class=\"course-thumb\"><a href=\"https:\/\/www.scuolamonterisi.edu.it\/index.php\/courses\/learn-print-designing\/\"><img width=\"350\" height=\"232\" src=\"https:\/\/www.scuolamonterisi.edu.it\/wp-content\/uploads\/2016\/11\/PHOTO-2020-12-26-19-50-00.jpg\" class=\"attachment-wc-grid-course-thumb size-wc-grid-course-thumb wp-post-image\" alt=\"\" loading=\"lazy\" \/><\/a><a href=\"https:\/\/www.scuolamonterisi.edu.it\/index.php\/Personale\/giuseppe-scala\/\"><img width=\"150\" height=\"150\" src=\"https:\/\/www.scuolamonterisi.edu.it\/wp-content\/uploads\/2016\/11\/peppe.jpg\" class=\"teacher wp-post-image\" alt=\"\" loading=\"lazy\" \/><\/a><div class=\"teacher-name\"><a href=\"https:\/\/www.scuolamonterisi.edu.it\/index.php\/Personale\/giuseppe-scala\/\">Giuseppe Scala<\/a><\/div><!-- Teacher Title --><div class=\"price-tag\"> Extracurriculare <\/div><\/div><!-- Course Thumb \/--><h3><a href=\"https:\/\/www.scuolamonterisi.edu.it\/index.php\/courses\/learn-print-designing\/\">ORCHESTRA SINFONICA<\/a><\/h3><p>L\u2019equipe dei docenti di strumento si \u00e8 costituita a seguito di un\u2019esperienza comune di anni di professionalit\u00e0 <\/p><ul class=\"no-bullet arrow-starter\"><li>da Ottobre a Giugno<\/li><li>Un incontro a settimana il Mercoled\u00ec dalle 15:15 alle 17:15<\/li><\/ul><a href=\"https:\/\/www.scuolamonterisi.edu.it\/index.php\/courses\/learn-print-designing\/\" class=\"secondary button\">Register Yourself!<\/a><div class=\"clearfix\"><\/div><\/div><!-- Course div ends \/--><\/div><!-- Columns Ends \/--><div class=\"medium-4 small-12 columns end\"><div class=\"course\"><div class=\"course-thumb\"><a href=\"https:\/\/www.scuolamonterisi.edu.it\/index.php\/courses\/harp\/\"><img width=\"350\" height=\"265\" src=\"https:\/\/www.scuolamonterisi.edu.it\/wp-content\/uploads\/2016\/11\/arpa-350x265.jpg\" class=\"attachment-wc-grid-course-thumb size-wc-grid-course-thumb wp-post-image\" alt=\"\" loading=\"lazy\" \/><\/a><a href=\"https:\/\/www.scuolamonterisi.edu.it\/index.php\/Personale\/daniela-fontana\/\"><img width=\"150\" height=\"150\" src=\"https:\/\/www.scuolamonterisi.edu.it\/wp-content\/uploads\/2022\/05\/b476986c-e96c-4c7e-b2b2-e30ffa074bab-150x150.jpg\" class=\"teacher wp-post-image\" alt=\"\" loading=\"lazy\" \/><\/a><div class=\"teacher-name\"><a href=\"https:\/\/www.scuolamonterisi.edu.it\/index.php\/Personale\/daniela-fontana\/\">Daniela Fontana<\/a><\/div><!-- Teacher Title --><\/div><!-- Course Thumb \/--><h3><a href=\"https:\/\/www.scuolamonterisi.edu.it\/index.php\/courses\/harp\/\">ARPA<\/a><\/h3><p>Il perseguimento degli obiettivi sotto indicati si articoler\u00e0 sia in attivit\u00e0 individuali sia in attivit\u00e0 <\/p><ul class=\"no-bullet arrow-starter\"><li>Intero Anno Scolastico<\/li><li>2 incontri pomeridiani a settimana in orario da concordare con docente<\/li><\/ul><a href=\"https:\/\/www.scuolamonterisi.edu.it\/index.php\/courses\/harp\/\" class=\"secondary button\">Register Yourself!<\/a><div class=\"clearfix\"><\/div><\/div><!-- Course div ends \/--><\/div><!-- Columns Ends \/--><\/div><!-- tab ends --><\/div><\/div><\/div><\/div><\/div><\/div><\/div><div class=\"kc-elm kc-css-95007 kc-row-container module\"><div class=\"wc-row row\"><div class=\"kc-wrap-columns\"><div class=\"kc-elm kc-css-29069 small-12 columns small-12\"><div class=\"kc-col-container\"><div id=\"999548\" class=\"section-title-wrapper\"><div class=\"section-title\"><h2>Our Teachers<\/h2><p>Some Special Teachers From The Industry!<\/p><\/div><!-- Section title \/--><\/div><!-- Title Wrapper \/--><div id=\"331954\" class=\"teachers-wrapper\"><div class=\"teachers\"><div class=\"teacher\"><div class=\"teacher-thumb\"><a href=\"https:\/\/www.scuolamonterisi.edu.it\/index.php\/Personale\/daniela-fontana\/\"><img width=\"350\" height=\"350\" src=\"https:\/\/www.scuolamonterisi.edu.it\/wp-content\/uploads\/2022\/05\/b476986c-e96c-4c7e-b2b2-e30ffa074bab-350x350.jpg\" class=\"attachment-wc-teacher-thumbnail size-wc-teacher-thumbnail wp-post-image\" alt=\"\" loading=\"lazy\" srcset=\"https:\/\/www.scuolamonterisi.edu.it\/wp-content\/uploads\/2022\/05\/b476986c-e96c-4c7e-b2b2-e30ffa074bab-350x350.jpg 350w, https:\/\/www.scuolamonterisi.edu.it\/wp-content\/uploads\/2022\/05\/b476986c-e96c-4c7e-b2b2-e30ffa074bab-150x150.jpg 150w, https:\/\/www.scuolamonterisi.edu.it\/wp-content\/uploads\/2022\/05\/b476986c-e96c-4c7e-b2b2-e30ffa074bab-175x175.jpg 175w, https:\/\/www.scuolamonterisi.edu.it\/wp-content\/uploads\/2022\/05\/b476986c-e96c-4c7e-b2b2-e30ffa074bab-165x165.jpg 165w\" sizes=\"(max-width: 350px) 100vw, 350px\" \/><\/a><div class=\"teacher-links menu-centered\"><a href=\"https:\/\/www.scuolamonterisi.edu.it\/index.php\/Personale\/daniela-fontana\/\" class=\"small-button\">Read More &raquo;<\/a><\/div><!-- staff links \/--><\/div><!-- Thumbnail class \/--><div class=\"teacher-meta\"><h3><a href=\"https:\/\/www.scuolamonterisi.edu.it\/index.php\/Personale\/daniela-fontana\/\">Daniela Fontana<\/a><\/h3><p>DOCENTE<\/p><\/div> <!-- Meta Info \/--><\/div><!-- Iner Div \/--><\/div><!-- teacher Ends --><div class=\"teachers\"><div class=\"teacher\"><div class=\"teacher-thumb\"><a href=\"https:\/\/www.scuolamonterisi.edu.it\/index.php\/Personale\/anna-petroli\/\"><img width=\"350\" height=\"350\" src=\"https:\/\/www.scuolamonterisi.edu.it\/wp-content\/uploads\/2020\/12\/Petroli-copia.jpg\" class=\"attachment-wc-teacher-thumbnail size-wc-teacher-thumbnail wp-post-image\" alt=\"\" loading=\"lazy\" \/><\/a><div class=\"teacher-links menu-centered\"><a href=\"https:\/\/www.scuolamonterisi.edu.it\/index.php\/Personale\/anna-petroli\/\" class=\"small-button\">Read More &raquo;<\/a><\/div><!-- staff links \/--><\/div><!-- Thumbnail class \/--><div class=\"teacher-meta\"><h3><a href=\"https:\/\/www.scuolamonterisi.edu.it\/index.php\/Personale\/anna-petroli\/\">Anna Petroli<\/a><\/h3><p>DOCENTE<\/p><\/div> <!-- Meta Info \/--><\/div><!-- Iner Div \/--><\/div><!-- teacher Ends --><div class=\"teachers\"><div class=\"teacher\"><div class=\"teacher-thumb\"><a href=\"https:\/\/www.scuolamonterisi.edu.it\/index.php\/Personale\/rosa-alfinito\/\"><img width=\"350\" height=\"350\" src=\"https:\/\/www.scuolamonterisi.edu.it\/wp-content\/uploads\/2020\/12\/PHOTO-2020-12-26-21-30-51.jpg\" class=\"attachment-wc-teacher-thumbnail size-wc-teacher-thumbnail wp-post-image\" alt=\"\" loading=\"lazy\" \/><\/a><div class=\"teacher-links menu-centered\"><a href=\"https:\/\/www.scuolamonterisi.edu.it\/index.php\/Personale\/rosa-alfinito\/\" class=\"small-button\">Read More &raquo;<\/a><\/div><!-- staff links \/--><\/div><!-- Thumbnail class \/--><div class=\"teacher-meta\"><h3><a href=\"https:\/\/www.scuolamonterisi.edu.it\/index.php\/Personale\/rosa-alfinito\/\">Rosa Alfinito<\/a><\/h3><p>DOCENTE<\/p><\/div> <!-- Meta Info \/--><\/div><!-- Iner Div \/--><\/div><!-- teacher Ends --><div class=\"teachers\"><div class=\"teacher\"><div class=\"teacher-thumb\"><a href=\"https:\/\/www.scuolamonterisi.edu.it\/index.php\/Personale\/antonio-dauria\/\"><img width=\"350\" height=\"350\" src=\"https:\/\/www.scuolamonterisi.edu.it\/wp-content\/uploads\/2020\/12\/chitarra-classica-350x350.jpg\" class=\"attachment-wc-teacher-thumbnail size-wc-teacher-thumbnail wp-post-image\" alt=\"\" loading=\"lazy\" srcset=\"https:\/\/www.scuolamonterisi.edu.it\/wp-content\/uploads\/2020\/12\/chitarra-classica-350x350.jpg 350w, https:\/\/www.scuolamonterisi.edu.it\/wp-content\/uploads\/2020\/12\/chitarra-classica-300x300.jpg 300w, https:\/\/www.scuolamonterisi.edu.it\/wp-content\/uploads\/2020\/12\/chitarra-classica-150x150.jpg 150w, https:\/\/www.scuolamonterisi.edu.it\/wp-content\/uploads\/2020\/12\/chitarra-classica-175x175.jpg 175w, https:\/\/www.scuolamonterisi.edu.it\/wp-content\/uploads\/2020\/12\/chitarra-classica-165x165.jpg 165w, https:\/\/www.scuolamonterisi.edu.it\/wp-content\/uploads\/2020\/12\/chitarra-classica.jpg 378w\" sizes=\"(max-width: 350px) 100vw, 350px\" \/><\/a><div class=\"teacher-links menu-centered\"><a href=\"https:\/\/www.scuolamonterisi.edu.it\/index.php\/Personale\/antonio-dauria\/\" class=\"small-button\">Read More &raquo;<\/a><\/div><!-- staff links \/--><\/div><!-- Thumbnail class \/--><div class=\"teacher-meta\"><h3><a href=\"https:\/\/www.scuolamonterisi.edu.it\/index.php\/Personale\/antonio-dauria\/\">Antonio D&#8217;Auria<\/a><\/h3><p>DOCENTE<\/p><\/div> <!-- Meta Info \/--><\/div><!-- Iner Div \/--><\/div><!-- teacher Ends --><div class=\"teachers\"><div class=\"teacher\"><div class=\"teacher-thumb\"><a href=\"https:\/\/www.scuolamonterisi.edu.it\/index.php\/Personale\/francesco-ciriaco\/\"><img width=\"350\" height=\"350\" src=\"https:\/\/www.scuolamonterisi.edu.it\/wp-content\/uploads\/2020\/12\/ciriaco.jpg\" class=\"attachment-wc-teacher-thumbnail size-wc-teacher-thumbnail wp-post-image\" alt=\"\" loading=\"lazy\" \/><\/a><div class=\"teacher-links menu-centered\"><a href=\"https:\/\/www.scuolamonterisi.edu.it\/index.php\/Personale\/francesco-ciriaco\/\" class=\"small-button\">Read More &raquo;<\/a><\/div><!-- staff links \/--><\/div><!-- Thumbnail class \/--><div class=\"teacher-meta\"><h3><a href=\"https:\/\/www.scuolamonterisi.edu.it\/index.php\/Personale\/francesco-ciriaco\/\">Francesco Ciriaco<\/a><\/h3><p>DOCENTE<\/p><\/div> <!-- Meta Info \/--><\/div><!-- Iner Div \/--><\/div><!-- teacher Ends --><div class=\"teachers\"><div class=\"teacher\"><div class=\"teacher-thumb\"><a href=\"https:\/\/www.scuolamonterisi.edu.it\/index.php\/Personale\/nicola-faiella\/\"><img width=\"350\" height=\"350\" src=\"https:\/\/www.scuolamonterisi.edu.it\/wp-content\/uploads\/2020\/12\/faiella-350x350.jpg\" class=\"attachment-wc-teacher-thumbnail size-wc-teacher-thumbnail wp-post-image\" alt=\"\" loading=\"lazy\" srcset=\"https:\/\/www.scuolamonterisi.edu.it\/wp-content\/uploads\/2020\/12\/faiella-350x350.jpg 350w, https:\/\/www.scuolamonterisi.edu.it\/wp-content\/uploads\/2020\/12\/faiella-300x300.jpg 300w, https:\/\/www.scuolamonterisi.edu.it\/wp-content\/uploads\/2020\/12\/faiella-150x150.jpg 150w, https:\/\/www.scuolamonterisi.edu.it\/wp-content\/uploads\/2020\/12\/faiella-175x175.jpg 175w, https:\/\/www.scuolamonterisi.edu.it\/wp-content\/uploads\/2020\/12\/faiella-165x165.jpg 165w, https:\/\/www.scuolamonterisi.edu.it\/wp-content\/uploads\/2020\/12\/faiella.jpg 600w\" sizes=\"(max-width: 350px) 100vw, 350px\" \/><\/a><div class=\"teacher-links menu-centered\"><a href=\"https:\/\/www.scuolamonterisi.edu.it\/index.php\/Personale\/nicola-faiella\/\" class=\"small-button\">Read More &raquo;<\/a><\/div><!-- staff links \/--><\/div><!-- Thumbnail class \/--><div class=\"teacher-meta\"><h3><a href=\"https:\/\/www.scuolamonterisi.edu.it\/index.php\/Personale\/nicola-faiella\/\">Nicola Faiella<\/a><\/h3><p>DOCENTE<\/p><\/div> <!-- Meta Info \/--><\/div><!-- Iner Div \/--><\/div><!-- teacher Ends --><div class=\"teachers\"><div class=\"teacher\"><div class=\"teacher-thumb\"><a href=\"https:\/\/www.scuolamonterisi.edu.it\/index.php\/Personale\/giuseppe-plaitano\/\"><img width=\"350\" height=\"338\" src=\"https:\/\/www.scuolamonterisi.edu.it\/wp-content\/uploads\/2020\/12\/PHOTO-2021-08-26-21-36-10-2.jpg\" class=\"attachment-wc-teacher-thumbnail size-wc-teacher-thumbnail wp-post-image\" alt=\"\" loading=\"lazy\" \/><\/a><div class=\"teacher-links menu-centered\"><a href=\"https:\/\/www.scuolamonterisi.edu.it\/index.php\/Personale\/giuseppe-plaitano\/\" class=\"small-button\">Read More &raquo;<\/a><\/div><!-- staff links \/--><\/div><!-- Thumbnail class \/--><div class=\"teacher-meta\"><h3><a href=\"https:\/\/www.scuolamonterisi.edu.it\/index.php\/Personale\/giuseppe-plaitano\/\">Giuseppe Plaitano<\/a><\/h3><p>DOCENTE<\/p><\/div> <!-- Meta Info \/--><\/div><!-- Iner Div \/--><\/div><!-- teacher Ends --><div class=\"teachers\"><div class=\"teacher\"><div class=\"teacher-thumb\"><a href=\"https:\/\/www.scuolamonterisi.edu.it\/index.php\/Personale\/antonio-vitale\/\"><img width=\"350\" height=\"350\" src=\"https:\/\/www.scuolamonterisi.edu.it\/wp-content\/uploads\/2020\/12\/vitale.jpg\" class=\"attachment-wc-teacher-thumbnail size-wc-teacher-thumbnail wp-post-image\" alt=\"\" loading=\"lazy\" \/><\/a><div class=\"teacher-links menu-centered\"><a href=\"https:\/\/www.scuolamonterisi.edu.it\/index.php\/Personale\/antonio-vitale\/\" class=\"small-button\">Read More &raquo;<\/a><\/div><!-- staff links \/--><\/div><!-- Thumbnail class \/--><div class=\"teacher-meta\"><h3><a href=\"https:\/\/www.scuolamonterisi.edu.it\/index.php\/Personale\/antonio-vitale\/\">Antonio Vitale<\/a><\/h3><p>DOCENTE<\/p><\/div> <!-- Meta Info \/--><\/div><!-- Iner Div \/--><\/div><!-- teacher Ends --><div class=\"teachers\"><div class=\"teacher\"><div class=\"teacher-thumb\"><a href=\"https:\/\/www.scuolamonterisi.edu.it\/index.php\/Personale\/lia-merlino\/\"><img width=\"350\" height=\"350\" src=\"https:\/\/www.scuolamonterisi.edu.it\/wp-content\/uploads\/2020\/12\/Lia.jpg\" class=\"attachment-wc-teacher-thumbnail size-wc-teacher-thumbnail wp-post-image\" alt=\"\" loading=\"lazy\" \/><\/a><div class=\"teacher-links menu-centered\"><a href=\"https:\/\/www.scuolamonterisi.edu.it\/index.php\/Personale\/lia-merlino\/\" class=\"small-button\">Read More &raquo;<\/a><\/div><!-- staff links \/--><\/div><!-- Thumbnail class \/--><div class=\"teacher-meta\"><h3><a href=\"https:\/\/www.scuolamonterisi.edu.it\/index.php\/Personale\/lia-merlino\/\">Lia Merlino<\/a><\/h3><p>DOCENTE<\/p><\/div> <!-- Meta Info \/--><\/div><!-- Iner Div \/--><\/div><!-- teacher Ends --><div class=\"teachers\"><div class=\"teacher\"><div class=\"teacher-thumb\"><a href=\"https:\/\/www.scuolamonterisi.edu.it\/index.php\/Personale\/nicola-de-giacomo\/\"><img width=\"350\" height=\"350\" src=\"https:\/\/www.scuolamonterisi.edu.it\/wp-content\/uploads\/2016\/11\/nicola.jpg\" class=\"attachment-wc-teacher-thumbnail size-wc-teacher-thumbnail wp-post-image\" alt=\"\" loading=\"lazy\" \/><\/a><div class=\"teacher-links menu-centered\"><a href=\"https:\/\/www.scuolamonterisi.edu.it\/index.php\/Personale\/nicola-de-giacomo\/\" class=\"small-button\">Read More &raquo;<\/a><\/div><!-- staff links \/--><\/div><!-- Thumbnail class \/--><div class=\"teacher-meta\"><h3><a href=\"https:\/\/www.scuolamonterisi.edu.it\/index.php\/Personale\/nicola-de-giacomo\/\">Nicola De Giacomo<\/a><\/h3><p>DOCENTE<\/p><\/div> <!-- Meta Info \/--><\/div><!-- Iner Div \/--><\/div><!-- teacher Ends --><div class=\"teachers\"><div class=\"teacher\"><div class=\"teacher-thumb\"><a href=\"https:\/\/www.scuolamonterisi.edu.it\/index.php\/Personale\/raffaele-del-regno\/\"><img width=\"350\" height=\"350\" src=\"https:\/\/www.scuolamonterisi.edu.it\/wp-content\/uploads\/2016\/11\/delregno.jpg\" class=\"attachment-wc-teacher-thumbnail size-wc-teacher-thumbnail wp-post-image\" alt=\"\" loading=\"lazy\" \/><\/a><div class=\"teacher-links menu-centered\"><a href=\"https:\/\/www.scuolamonterisi.edu.it\/index.php\/Personale\/raffaele-del-regno\/\" class=\"small-button\">Read More &raquo;<\/a><\/div><!-- staff links \/--><\/div><!-- Thumbnail class \/--><div class=\"teacher-meta\"><h3><a href=\"https:\/\/www.scuolamonterisi.edu.it\/index.php\/Personale\/raffaele-del-regno\/\">Raffaele Del Regno<\/a><\/h3><p>DOCENTE<\/p><\/div> <!-- Meta Info \/--><\/div><!-- Iner Div \/--><\/div><!-- teacher Ends --><div class=\"teachers\"><div class=\"teacher\"><div class=\"teacher-thumb\"><a href=\"https:\/\/www.scuolamonterisi.edu.it\/index.php\/Personale\/cinzia-de-chiara\/\"><img width=\"350\" height=\"350\" src=\"https:\/\/www.scuolamonterisi.edu.it\/wp-content\/uploads\/2016\/11\/cinzia2.jpg\" class=\"attachment-wc-teacher-thumbnail size-wc-teacher-thumbnail wp-post-image\" alt=\"\" loading=\"lazy\" \/><\/a><div class=\"teacher-links menu-centered\"><a href=\"https:\/\/www.scuolamonterisi.edu.it\/index.php\/Personale\/cinzia-de-chiara\/\" class=\"small-button\">Read More &raquo;<\/a><\/div><!-- staff links \/--><\/div><!-- Thumbnail class \/--><div class=\"teacher-meta\"><h3><a href=\"https:\/\/www.scuolamonterisi.edu.it\/index.php\/Personale\/cinzia-de-chiara\/\">Cinzia De Chiara<\/a><\/h3><p>DOCENTE<\/p><\/div> <!-- Meta Info \/--><\/div><!-- Iner Div \/--><\/div><!-- teacher Ends --><div class=\"teachers\"><div class=\"teacher\"><div class=\"teacher-thumb\"><a href=\"https:\/\/www.scuolamonterisi.edu.it\/index.php\/Personale\/antonio-proto\/\"><img width=\"350\" height=\"350\" src=\"https:\/\/www.scuolamonterisi.edu.it\/wp-content\/uploads\/2016\/11\/proto.jpg\" class=\"attachment-wc-teacher-thumbnail size-wc-teacher-thumbnail wp-post-image\" alt=\"\" loading=\"lazy\" \/><\/a><div class=\"teacher-links menu-centered\"><a href=\"https:\/\/www.scuolamonterisi.edu.it\/index.php\/Personale\/antonio-proto\/\" class=\"small-button\">Read More &raquo;<\/a><\/div><!-- staff links \/--><\/div><!-- Thumbnail class \/--><div class=\"teacher-meta\"><h3><a href=\"https:\/\/www.scuolamonterisi.edu.it\/index.php\/Personale\/antonio-proto\/\">Antonio Proto<\/a><\/h3><p>DOCENTE<\/p><\/div> <!-- Meta Info \/--><\/div><!-- Iner Div \/--><\/div><!-- teacher Ends --><div class=\"teachers\"><div class=\"teacher\"><div class=\"teacher-thumb\"><a href=\"https:\/\/www.scuolamonterisi.edu.it\/index.php\/Personale\/giuseppe-scala\/\"><img width=\"350\" height=\"350\" src=\"https:\/\/www.scuolamonterisi.edu.it\/wp-content\/uploads\/2016\/11\/peppe.jpg\" class=\"attachment-wc-teacher-thumbnail size-wc-teacher-thumbnail wp-post-image\" alt=\"\" loading=\"lazy\" \/><\/a><div class=\"teacher-links menu-centered\"><a href=\"https:\/\/www.scuolamonterisi.edu.it\/index.php\/Personale\/giuseppe-scala\/\" class=\"small-button\">Read More &raquo;<\/a><\/div><!-- staff links \/--><\/div><!-- Thumbnail class \/--><div class=\"teacher-meta\"><h3><a href=\"https:\/\/www.scuolamonterisi.edu.it\/index.php\/Personale\/giuseppe-scala\/\">Giuseppe Scala<\/a><\/h3><p>DOCENTE<\/p><\/div> <!-- Meta Info \/--><\/div><!-- Iner Div \/--><\/div><!-- teacher Ends --><div class=\"teachers\"><div class=\"teacher\"><div class=\"teacher-thumb\"><a href=\"https:\/\/www.scuolamonterisi.edu.it\/index.php\/Personale\/jhon-doe\/\"><img width=\"350\" height=\"350\" src=\"https:\/\/www.scuolamonterisi.edu.it\/wp-content\/uploads\/2016\/11\/rag-copia.jpg\" class=\"attachment-wc-teacher-thumbnail size-wc-teacher-thumbnail wp-post-image\" alt=\"\" loading=\"lazy\" \/><\/a><div class=\"teacher-links menu-centered\"><a href=\"https:\/\/www.scuolamonterisi.edu.it\/index.php\/Personale\/jhon-doe\/\" class=\"small-button\">Read More &raquo;<\/a><\/div><!-- staff links \/--><\/div><!-- Thumbnail class \/--><div class=\"teacher-meta\"><h3><a href=\"https:\/\/www.scuolamonterisi.edu.it\/index.php\/Personale\/jhon-doe\/\">Anna Ragone<\/a><\/h3><p>DOCENTE<\/p><\/div> <!-- Meta Info \/--><\/div><!-- Iner Div \/--><\/div><!-- teacher Ends --><div class=\"teachers\"><div class=\"teacher\"><div class=\"teacher-thumb\"><a href=\"https:\/\/www.scuolamonterisi.edu.it\/index.php\/Personale\/vitalba-casadio\/\"><img width=\"350\" height=\"350\" src=\"https:\/\/www.scuolamonterisi.edu.it\/wp-content\/uploads\/2016\/11\/ds_23_2-350x350.jpg\" class=\"attachment-wc-teacher-thumbnail size-wc-teacher-thumbnail wp-post-image\" alt=\"\" loading=\"lazy\" srcset=\"https:\/\/www.scuolamonterisi.edu.it\/wp-content\/uploads\/2016\/11\/ds_23_2-350x350.jpg 350w, https:\/\/www.scuolamonterisi.edu.it\/wp-content\/uploads\/2016\/11\/ds_23_2-150x150.jpg 150w, https:\/\/www.scuolamonterisi.edu.it\/wp-content\/uploads\/2016\/11\/ds_23_2-175x175.jpg 175w, https:\/\/www.scuolamonterisi.edu.it\/wp-content\/uploads\/2016\/11\/ds_23_2-165x165.jpg 165w\" sizes=\"(max-width: 350px) 100vw, 350px\" \/><\/a><div class=\"teacher-links menu-centered\"><a href=\"https:\/\/www.scuolamonterisi.edu.it\/index.php\/Personale\/vitalba-casadio\/\" class=\"small-button\">Read More &raquo;<\/a><\/div><!-- staff links \/--><\/div><!-- Thumbnail class \/--><div class=\"teacher-meta\"><h3><a href=\"https:\/\/www.scuolamonterisi.edu.it\/index.php\/Personale\/vitalba-casadio\/\">VITALBA CASADIO<\/a><\/h3><p>PROF.SSA VITALBA CASADIO<\/p><\/div> <!-- Meta Info \/--><\/div><!-- Iner Div \/--><\/div><!-- teacher Ends --><div class=\"teachers\"><div class=\"teacher\"><div class=\"teacher-thumb\"><a href=\"https:\/\/www.scuolamonterisi.edu.it\/index.php\/Personale\/raffaello-galibardi\/\"><img width=\"350\" height=\"350\" src=\"https:\/\/www.scuolamonterisi.edu.it\/wp-content\/uploads\/2016\/11\/raf.jpg\" class=\"attachment-wc-teacher-thumbnail size-wc-teacher-thumbnail wp-post-image\" alt=\"\" loading=\"lazy\" \/><\/a><div class=\"teacher-links menu-centered\"><a href=\"https:\/\/www.scuolamonterisi.edu.it\/index.php\/Personale\/raffaello-galibardi\/\" class=\"small-button\">Read More &raquo;<\/a><\/div><!-- staff links \/--><\/div><!-- Thumbnail class \/--><div class=\"teacher-meta\"><h3><a href=\"https:\/\/www.scuolamonterisi.edu.it\/index.php\/Personale\/raffaello-galibardi\/\">Raffaello Galibardi<\/a><\/h3><p>DOCENTE<\/p><\/div> <!-- Meta Info \/--><\/div><!-- Iner Div \/--><\/div><!-- teacher Ends --><div class=\"teachers end\"><div class=\"teacher\"><div class=\"teacher-thumb\"><a href=\"https:\/\/www.scuolamonterisi.edu.it\/index.php\/Personale\/mr-joe-vet\/\"><img width=\"350\" height=\"350\" src=\"https:\/\/www.scuolamonterisi.edu.it\/wp-content\/uploads\/2016\/11\/pcarrus.jpg\" class=\"attachment-wc-teacher-thumbnail size-wc-teacher-thumbnail wp-post-image\" alt=\"\" loading=\"lazy\" \/><\/a><div class=\"teacher-links menu-centered\"><a href=\"https:\/\/www.scuolamonterisi.edu.it\/index.php\/Personale\/mr-joe-vet\/\" class=\"small-button\">Read More &raquo;<\/a><\/div><!-- staff links \/--><\/div><!-- Thumbnail class \/--><div class=\"teacher-meta\"><h3><a href=\"https:\/\/www.scuolamonterisi.edu.it\/index.php\/Personale\/mr-joe-vet\/\">Giuseppe Carrus<\/a><\/h3><p>DOCENTE<\/p><\/div> <!-- Meta Info \/--><\/div><!-- Iner Div \/--><\/div><!-- teacher Ends --><\/div><!-- teachers --><\/div><\/div><\/div><\/div><\/div><div class=\"kc-elm kc-css-296017 kc-row-container module grey-bg\"><div class=\"wc-row row  no-product-margin\"><div class=\"kc-wrap-columns\"><div class=\"kc-elm kc-css-7118 small-12 columns small-12\"><div class=\"kc-col-container\"><div id=\"512134\" class=\"section-title-wrapper\"><div class=\"section-title\"><h2>Our Store<\/h2><p>We have some great products for you as well!<\/p><\/div><!-- Section title \/--><\/div><!-- Title Wrapper \/--><div class=\"kc-elm kc-css-244306 kc-raw-code\">[recent_products per_page=\"4\" columns=\"4\"]<\/div><\/div><\/div><\/div><\/div><\/div><div class=\"kc-elm kc-css-478993 kc-row-container module\"><div class=\"wc-row row\"><div class=\"kc-wrap-columns\"><div class=\"kc-elm kc-css-397754 small-12 columns small-12\"><div class=\"kc-col-container\"><div id=\"313160\" class=\"section-title-wrapper\"><div class=\"section-title\"><h2>Our Pricing<\/h2><p>Some Special Teachers From The Industry!<\/p><\/div><!-- Section title \/--><\/div><!-- Title Wrapper \/--><div class=\"kc-elm kc-css-774097 kc_row kc_row_inner\"><div class=\"kc-elm kc-css-725166 small-12 columns small-12\"><div class=\"kc_wrapper kc-col-inner-container\"><div id=\"800313\" class=\"price-plan\"><div class=\"price-title\"><h4 class=\"title-heading\">Bacholars<\/h4><strong>$20.20<\/strong>\/Month<\/div><!-- price title ends \/--><ul class=\"price-details\"><li><i class=\"fa fa-check orange\" aria-hidden=\"true\"><\/i>Lorem ipsum dolor sit amet<\/li><li><i class=\"fa fa-check orange\" aria-hidden=\"true\"><\/i>Consectetur adipiscing elit, sed do<\/li><li><i class=\"fa fa-check orange\" aria-hidden=\"true\"><\/i>Eiusmod tempor incididunt<\/li><li><i class=\"fa fa-times red\" aria-hidden=\"true\"><\/i>Ut labore et dolore magna aliqua<\/li><li><i class=\"fa fa-times red\" aria-hidden=\"true\"><\/i>Ut enim ad minim veniam<\/li><\/ul><a class=\"button secondary\" href=\"https:\/\/www.webfulcreations.com\/themes\/education\/contact-us\/\">Join Our Institute<\/a><\/div><\/div><\/div><div class=\"kc-elm kc-css-864441 small-12 columns small-12\"><div class=\"kc_wrapper kc-col-inner-container\"><div id=\"345266\" class=\"price-plan\"><div class=\"price-title\"><h4 class=\"title-heading\">Intermediate<\/h4><strong>$20.20<\/strong>\/Month<\/div><!-- price title ends \/--><ul class=\"price-details\"><li><i class=\"fa fa-check orange\" aria-hidden=\"true\"><\/i>Lorem ipsum dolor sit amet<\/li><li><i class=\"fa fa-check orange\" aria-hidden=\"true\"><\/i>Consectetur adipiscing elit, sed do<\/li><li><i class=\"fa fa-check orange\" aria-hidden=\"true\"><\/i>Eiusmod tempor incididunt<\/li><li><i class=\"fa fa-times red\" aria-hidden=\"true\"><\/i>Ut labore et dolore magna aliqua<\/li><li><i class=\"fa fa-times red\" aria-hidden=\"true\"><\/i>Ut enim ad minim veniam<\/li><\/ul><a class=\"button secondary\" href=\"https:\/\/www.webfulcreations.com\/themes\/education\/contact-us\/\">Join Our Institute<\/a><\/div><\/div><\/div><div class=\"kc-elm kc-css-327557 small-12 columns small-12\"><div class=\"kc_wrapper kc-col-inner-container\"><div id=\"897047\" class=\"price-plan\"><div class=\"price-title\"><h4 class=\"title-heading\">Masters<\/h4><strong>$20.20<\/strong>\/Month<\/div><!-- price title ends \/--><ul class=\"price-details\"><li><i class=\"fa fa-check orange\" aria-hidden=\"true\"><\/i>Lorem ipsum dolor sit amet<\/li><li><i class=\"fa fa-check orange\" aria-hidden=\"true\"><\/i>Consectetur adipiscing elit, sed do<\/li><li><i class=\"fa fa-check orange\" aria-hidden=\"true\"><\/i>Eiusmod tempor incididunt<\/li><li><i class=\"fa fa-times red\" aria-hidden=\"true\"><\/i>Ut labore et dolore magna aliqua<\/li><li><i class=\"fa fa-times red\" aria-hidden=\"true\"><\/i>Ut enim ad minim veniam<\/li><\/ul><a class=\"button secondary\" href=\"https:\/\/www.webfulcreations.com\/themes\/education\/contact-us\/\">Join Our Institute<\/a><\/div><\/div><\/div><\/div><\/div><\/div><\/div><\/div><\/div><div class=\"kc-elm kc-css-143922 kc-row-container module transparent-background\"><div class=\"wc-row row\"><div class=\"kc-wrap-columns\"><div class=\"kc-elm kc-css-809214 small-12 columns small-12\"><div class=\"kc-col-container\"><div id=\"482749\" class=\"section-title-wrapper\"><div class=\"section-title\"><h2>Upcoming Events<\/h2><p>Our Upcoming Seminars\/Events Dont Miss Out!<\/p><\/div><!-- Section title \/--><\/div><!-- Title Wrapper \/--><div class=\"row\"><div id=\"638042\" class=\"small-12 columns testimonials side-controls\"><div class=\"event\"><div class=\"medium-8 small-12 columns event-data\"><h4>\n\t\t\t\t\t\t\t\t<a href=\"https:\/\/www.scuolamonterisi.edu.it\/index.php\/events\/ottavo-appuntamento-masterclass-di-corno\/\">Ottavo appuntamento MASTERCLASS di CORNO<\/a>\n\t\t\t\t\t\t\t<\/h4><p>Ottavo appuntamento con il MASTERCLASS di CORNO FRANCESE organizzati dal M\u00b0Antonio Proto e l&#8217;Associazione MUSIKANTEN. 2 e 3 GIUGNO si terr\u00e0 un <\/p><p><strong>Date:<\/strong> 2024-06-02<\/p><a href=\"https:\/\/www.scuolamonterisi.edu.it\/index.php\/events\/ottavo-appuntamento-masterclass-di-corno\/\" class=\"button primary bordered-dark\">Join Event<\/a><\/div><!-- Event DAta \/--><div class=\"medium-4 small-12 columns event-thumb\"><a href=\"https:\/\/www.scuolamonterisi.edu.it\/index.php\/events\/ottavo-appuntamento-masterclass-di-corno\/\"><img width=\"175\" height=\"100\" src=\"https:\/\/www.scuolamonterisi.edu.it\/wp-content\/uploads\/2016\/11\/horn-1.jpg\" class=\"attachment-wc-event-grid size-wc-event-grid wp-post-image\" alt=\"\" loading=\"lazy\" \/><\/a><\/div><!-- Event thumb \/-->    \t\n \t\t\t    \t        <div class=\"clearfix\"><\/div><\/div><!-- event \/--><div class=\"event\"><div class=\"medium-8 small-12 columns event-data\"><h4>\n\t\t\t\t\t\t\t\t<a href=\"https:\/\/www.scuolamonterisi.edu.it\/index.php\/events\/sesto-appuntamento-masterclass-di-corno\/\">Settimo appuntamento MASTERCLASS di CORNO<\/a>\n\t\t\t\t\t\t\t<\/h4><p>Settimo appuntamento con il MASTERCLASS di CORNO FRANCESE organizzati dal M\u00b0Antonio Proto e l&#8217;Associazione MUSIKANTEN. 29 e 30 APRILE si terr\u00e0 <\/p><p><strong>Date:<\/strong> 2024-04-29<\/p><a href=\"https:\/\/www.scuolamonterisi.edu.it\/index.php\/events\/sesto-appuntamento-masterclass-di-corno\/\" class=\"button primary bordered-dark\">Join Event<\/a><\/div><!-- Event DAta \/--><div class=\"medium-4 small-12 columns event-thumb\"><a href=\"https:\/\/www.scuolamonterisi.edu.it\/index.php\/events\/sesto-appuntamento-masterclass-di-corno\/\"><img width=\"175\" height=\"100\" src=\"https:\/\/www.scuolamonterisi.edu.it\/wp-content\/uploads\/2016\/11\/horn-1.jpg\" class=\"attachment-wc-event-grid size-wc-event-grid wp-post-image\" alt=\"\" loading=\"lazy\" \/><\/a><\/div><!-- Event thumb \/-->    \t\n \t\t\t    \t        <div class=\"clearfix\"><\/div><\/div><!-- event \/--><div class=\"event\"><div class=\"medium-8 small-12 columns event-data\"><h4>\n\t\t\t\t\t\t\t\t<a href=\"https:\/\/www.scuolamonterisi.edu.it\/index.php\/events\/quinto-appuntamento-masterclass-di-corno\/\">Quinto appuntamento MASTERCLASS di CORNO<\/a>\n\t\t\t\t\t\t\t<\/h4><p>Quinto appuntamento con il MASTERCLASS di CORNO FRANCESE organizzati dal M\u00b0Antonio Proto e l&#8217;Associazione MUSIKANTEN. 26, 27 e 28 FEBBRAIO si <\/p><p><strong>Date:<\/strong> 2024-02-26<\/p><a href=\"https:\/\/www.scuolamonterisi.edu.it\/index.php\/events\/quinto-appuntamento-masterclass-di-corno\/\" class=\"button primary bordered-dark\">Join Event<\/a><\/div><!-- Event DAta \/--><div class=\"medium-4 small-12 columns event-thumb\"><a href=\"https:\/\/www.scuolamonterisi.edu.it\/index.php\/events\/quinto-appuntamento-masterclass-di-corno\/\"><img width=\"175\" height=\"100\" src=\"https:\/\/www.scuolamonterisi.edu.it\/wp-content\/uploads\/2016\/11\/horn-1.jpg\" class=\"attachment-wc-event-grid size-wc-event-grid wp-post-image\" alt=\"\" loading=\"lazy\" \/><\/a><\/div><!-- Event thumb \/-->    \t\n \t\t\t    \t        <div class=\"clearfix\"><\/div><\/div><!-- event \/--><div class=\"event\"><div class=\"medium-8 small-12 columns event-data\"><h4>\n\t\t\t\t\t\t\t\t<a href=\"https:\/\/www.scuolamonterisi.edu.it\/index.php\/events\/quarto-appuntamento-masterclass-di-corno\/\">Quarto appuntamento MASTERCLASS di CORNO<\/a>\n\t\t\t\t\t\t\t<\/h4><p>Quarto appuntamento con il MASTERCLASS di CORNO FRANCESE organizzati dal M\u00b0Antonio Proto e l&#8217;Associazione MUSIKANTEN. 22, 23 e 24 GENNAIO si <\/p><p><strong>Date:<\/strong> 2024-01-22<\/p><a href=\"https:\/\/www.scuolamonterisi.edu.it\/index.php\/events\/quarto-appuntamento-masterclass-di-corno\/\" class=\"button primary bordered-dark\">Join Event<\/a><\/div><!-- Event DAta \/--><div class=\"medium-4 small-12 columns event-thumb\"><a href=\"https:\/\/www.scuolamonterisi.edu.it\/index.php\/events\/quarto-appuntamento-masterclass-di-corno\/\"><img width=\"175\" height=\"100\" src=\"https:\/\/www.scuolamonterisi.edu.it\/wp-content\/uploads\/2016\/11\/horn-1.jpg\" class=\"attachment-wc-event-grid size-wc-event-grid wp-post-image\" alt=\"\" loading=\"lazy\" \/><\/a><\/div><!-- Event thumb \/-->    \t\n \t\t\t    \t        <div class=\"clearfix\"><\/div><\/div><!-- event \/--><div class=\"event\"><div class=\"medium-8 small-12 columns event-data\"><h4>\n\t\t\t\t\t\t\t\t<a href=\"https:\/\/www.scuolamonterisi.edu.it\/index.php\/events\/terzo-appuntamento-masterclass-di-corno\/\">Terzo appuntamento MASTERCLASS di CORNO<\/a>\n\t\t\t\t\t\t\t<\/h4><p>Terzo appuntamento con il MASTERCLASS di CORNO FRANCESE organizzati dal M\u00b0Antonio Proto e l&#8217;Associazione MUSIKANTEN. 19, 20 e 21 DICEMBRE si <\/p><p><strong>Date:<\/strong> 2023-12-19<\/p><a href=\"https:\/\/www.scuolamonterisi.edu.it\/index.php\/events\/terzo-appuntamento-masterclass-di-corno\/\" class=\"button primary bordered-dark\">Join Event<\/a><\/div><!-- Event DAta \/--><div class=\"medium-4 small-12 columns event-thumb\"><a href=\"https:\/\/www.scuolamonterisi.edu.it\/index.php\/events\/terzo-appuntamento-masterclass-di-corno\/\"><img width=\"175\" height=\"100\" src=\"https:\/\/www.scuolamonterisi.edu.it\/wp-content\/uploads\/2016\/11\/horn-1.jpg\" class=\"attachment-wc-event-grid size-wc-event-grid wp-post-image\" alt=\"\" loading=\"lazy\" \/><\/a><\/div><!-- Event thumb \/-->    \t\n \t\t\t    \t        <div class=\"clearfix\"><\/div><\/div><!-- event \/--><div class=\"event\"><div class=\"medium-8 small-12 columns event-data\"><h4>\n\t\t\t\t\t\t\t\t<a href=\"https:\/\/www.scuolamonterisi.edu.it\/index.php\/events\/secondo-appuntamento-masterclass-di-corno\/\">Secondo appuntamento MASTERCLASS di CORNO<\/a>\n\t\t\t\t\t\t\t<\/h4><p>Secondo appuntamento con il MASTERCLASS di CORNO FRANCESE organizzati dal M\u00b0Antonio Proto e l&#8217;Associazione MUSIKANTEN. 27, 28 e 29 NOVEMBRE si <\/p><p><strong>Date:<\/strong> 2023-11-27<\/p><a href=\"https:\/\/www.scuolamonterisi.edu.it\/index.php\/events\/secondo-appuntamento-masterclass-di-corno\/\" class=\"button primary bordered-dark\">Join Event<\/a><\/div><!-- Event DAta \/--><div class=\"medium-4 small-12 columns event-thumb\"><a href=\"https:\/\/www.scuolamonterisi.edu.it\/index.php\/events\/secondo-appuntamento-masterclass-di-corno\/\"><img width=\"175\" height=\"100\" src=\"https:\/\/www.scuolamonterisi.edu.it\/wp-content\/uploads\/2016\/11\/horn-1.jpg\" class=\"attachment-wc-event-grid size-wc-event-grid wp-post-image\" alt=\"\" loading=\"lazy\" \/><\/a><\/div><!-- Event thumb \/-->    \t\n \t\t\t    \t        <div class=\"clearfix\"><\/div><\/div><!-- event \/--><\/div><\/div><\/div><\/div><\/div><\/div><\/div><div class=\"kc-elm kc-css-503289 kc-row-container module\"><div class=\"wc-row\"><div class=\"kc-wrap-columns\"><div class=\"kc-elm kc-css-423586 small-12 columns small-12\"><div class=\"kc-col-container\"><div id=\"416889\" class=\"section-title-wrapper\"><div class=\"section-title\"><h2>OUR GALLERY<\/h2><p>Some Amazing Stuff From Our Campus<\/p><\/div><!-- Section title \/--><\/div><!-- Title Wrapper \/--><div id=\"174565\" class=\"gallery-container\"><a href=\"https:\/\/www.scuolamonterisi.edu.it\/wp-content\/uploads\/2016\/11\/gallery1.jpg\" data-lightbox=\"campus-gallery\" data-title=\"Amazing\"><img class=\"gallery-thumb\" src=\"https:\/\/www.scuolamonterisi.edu.it\/wp-content\/uploads\/2016\/11\/gallery1.jpg\" alt=\"Amazing\"\/><\/a><a href=\"https:\/\/www.scuolamonterisi.edu.it\/wp-content\/uploads\/2016\/11\/gallery2.jpg\" data-lightbox=\"campus-gallery\" data-title=\"Amazing two\"><img class=\"gallery-thumb\" src=\"https:\/\/www.scuolamonterisi.edu.it\/wp-content\/uploads\/2016\/11\/gallery2.jpg\" alt=\"Amazing two\"\/><\/a><a href=\"https:\/\/www.scuolamonterisi.edu.it\/wp-content\/uploads\/2016\/11\/gallery3.jpg\" data-lightbox=\"campus-gallery\" data-title=\"Amazing three\"><img class=\"gallery-thumb\" src=\"https:\/\/www.scuolamonterisi.edu.it\/wp-content\/uploads\/2016\/11\/gallery3.jpg\" alt=\"Amazing three\"\/><\/a><a href=\"https:\/\/www.scuolamonterisi.edu.it\/wp-content\/uploads\/2016\/11\/gallery4.jpg\" data-lightbox=\"campus-gallery\" data-title=\"Amazing Four\"><img class=\"gallery-thumb\" src=\"https:\/\/www.scuolamonterisi.edu.it\/wp-content\/uploads\/2016\/11\/gallery4.jpg\" alt=\"Amazing Four\"\/><\/a><a href=\"https:\/\/www.scuolamonterisi.edu.it\/wp-content\/uploads\/2016\/11\/gallery5.jpg\" data-lightbox=\"campus-gallery\" data-title=\"Amazing Five\"><img class=\"gallery-thumb\" src=\"https:\/\/www.scuolamonterisi.edu.it\/wp-content\/uploads\/2016\/11\/gallery5.jpg\" alt=\"Amazing Five\"\/><\/a><a href=\"https:\/\/www.scuolamonterisi.edu.it\/wp-content\/uploads\/2016\/11\/gallery6.jpg\" data-lightbox=\"campus-gallery\" data-title=\"Amazing six\"><img class=\"gallery-thumb\" src=\"https:\/\/www.scuolamonterisi.edu.it\/wp-content\/uploads\/2016\/11\/gallery6.jpg\" alt=\"Amazing six\"\/><\/a><a href=\"\" data-lightbox=\"campus-gallery\" data-title=\"Amazing Seven\"><img class=\"gallery-thumb\" src=\"\" alt=\"Amazing Seven\"\/><\/a><a href=\"https:\/\/www.scuolamonterisi.edu.it\/wp-content\/uploads\/2016\/11\/gallery7.jpg\" data-lightbox=\"campus-gallery\" data-title=\"Amazing Eight\"><img class=\"gallery-thumb\" src=\"https:\/\/www.scuolamonterisi.edu.it\/wp-content\/uploads\/2016\/11\/gallery7.jpg\" alt=\"Amazing Eight\"\/><\/a><a href=\"https:\/\/www.scuolamonterisi.edu.it\/wp-content\/uploads\/2016\/11\/gallery8.jpg\" data-lightbox=\"campus-gallery\" data-title=\"Amazing Nine\"><img class=\"gallery-thumb\" src=\"https:\/\/www.scuolamonterisi.edu.it\/wp-content\/uploads\/2016\/11\/gallery8.jpg\" alt=\"Amazing Nine\"\/><\/a><a href=\"https:\/\/www.scuolamonterisi.edu.it\/wp-content\/uploads\/2016\/11\/gallery9-1.jpg\" data-lightbox=\"campus-gallery\" data-title=\"Amazing ten\"><img class=\"gallery-thumb\" src=\"https:\/\/www.scuolamonterisi.edu.it\/wp-content\/uploads\/2016\/11\/gallery9-1.jpg\" alt=\"Amazing ten\"\/><\/a><a href=\"https:\/\/www.scuolamonterisi.edu.it\/wp-content\/uploads\/2016\/11\/gallery10.jpg\" data-lightbox=\"campus-gallery\" data-title=\"amazing eleven\"><img class=\"gallery-thumb\" src=\"https:\/\/www.scuolamonterisi.edu.it\/wp-content\/uploads\/2016\/11\/gallery10.jpg\" alt=\"amazing eleven\"\/><\/a><a href=\"https:\/\/www.scuolamonterisi.edu.it\/wp-content\/uploads\/2016\/11\/gallery11.jpg\" data-lightbox=\"campus-gallery\" data-title=\"Amazing Twelve\"><img class=\"gallery-thumb\" src=\"https:\/\/www.scuolamonterisi.edu.it\/wp-content\/uploads\/2016\/11\/gallery11.jpg\" alt=\"Amazing Twelve\"\/><\/a><\/div><!-- main wrapper ends --><div class=\"clearfix\"><\/div><\/div><\/div><\/div><\/div><\/div><div class=\"kc-elm kc-css-152530 kc-row-container module transparent-background\"><div class=\"wc-row row\"><div class=\"kc-wrap-columns\"><div class=\"kc-elm kc-css-952095 small-12 columns small-12\"><div class=\"kc-col-container\"><img width=\"532\" height=\"800\" src=\"https:\/\/www.scuolamonterisi.edu.it\/wp-content\/uploads\/2016\/11\/businesswoman.png\" class=\"upper-background\" alt=\"\" loading=\"lazy\" \/><div class=\"row\"><div class=\"our-process-wrapper\"><div class=\"large-8 medium-12 large-offset-3 small-12 columns our-process\"><h2>ITS EASY, ITS BRILLIANT, IT WORKS!<\/h2><div class=\"process\"><div class=\"number\">1<\/div><div class=\"right-info\"><h3>Select A Course You Like And Explore It!<\/h3><p>Once upon a time there was a thirsty crow he flew here and there in search of water.<\/p><\/div><div class=\"clearfix\"><\/div><\/div><!-- process \/--><div class=\"process\"><div class=\"number\">2<\/div><div class=\"right-info\"><h3>Join A Seminar To Know More About It!<\/h3><p>But he could not find water anywhere at last he reached in a garden where he saw a pitcher.<\/p><\/div><div class=\"clearfix\"><\/div><\/div><!-- process \/--><div class=\"process\"><div class=\"number\">3<\/div><div class=\"right-info\"><h3>Get Enrolled And Start Better Future With Us!<\/h3><p>Thirsty Crow should Call us at: 123-123-1234 to drink water asap before all seats are reserved.<\/p><\/div><div class=\"clearfix\"><\/div><\/div><!-- process \/--><\/div><!-- Left Process Ends \/--><\/div><!-- Events Wrapper Ends \/--><\/div><!-- Row Ends \/--><\/div><\/div><\/div><\/div><\/div><div class=\"kc-elm kc-css-560947 kc-row-container module\"><div class=\"wc-row row\"><div class=\"kc-wrap-columns\"><div class=\"kc-elm kc-css-475339 small-12 columns small-12\"><div class=\"kc-col-container\"><div id=\"254314\" class=\"section-title-wrapper\"><div class=\"section-title\"><h2>OUR TESTIMONIALS<\/h2><p>What Parent&#039;s Say About Us?<\/p><\/div><!-- Section title \/--><\/div><!-- Title Wrapper \/--><div class=\"row\"><div id=\"337690\" class=\"small-12 columns testimonials side-controls dark_testimonial\"><div class=\"testimonial\"><div class=\"testimonial-thumb\"><img width=\"165\" height=\"165\" src=\"https:\/\/www.scuolamonterisi.edu.it\/wp-content\/uploads\/2016\/11\/first_testimonial2.jpg\" class=\"attachment-wc-testimonial-thumb size-wc-testimonial-thumb wp-post-image\" alt=\"\" loading=\"lazy\" \/><\/div><!-- Testimonial Thumb \/--><div class=\"testimonial-detail\"><h4>Very happy to find this institute!<\/h4><p>After graduation we were very worried about our children what he will do as he does noasdasdad t have any work experience but when he joined this abc institute this he became so professional!\r\n\r\nMaria Doe\r\n\r\n&lt;div&gt;&lt;a class=&quot;primary bordered-dark button&quot; href=&quot;#&quot;&gt;Meet Our Teachers!&lt;\/a&gt;&lt;\/div&gt;<\/p><cite>Maria Jhon<\/cite><\/div><!-- Testimonial Detail \/-->\n                            <div class=\"clearfix\"><\/div><\/div><!-- testimonial \/--><div class=\"testimonial\"><div class=\"testimonial-thumb\"><img width=\"165\" height=\"165\" src=\"https:\/\/www.scuolamonterisi.edu.it\/wp-content\/uploads\/2016\/11\/first_testimonial.jpg\" class=\"attachment-wc-testimonial-thumb size-wc-testimonial-thumb wp-post-image\" alt=\"\" loading=\"lazy\" \/><\/div><!-- Testimonial Thumb \/--><div class=\"testimonial-detail\"><h4>Staff Behaviour<\/h4><p>After graduation we were very worried about our children what he will do as he does not have any work experience but when he joined this abc institute this he became so professional!\r\n\r\nMaria Doe<\/p><cite>Maria Jhon<\/cite><\/div><!-- Testimonial Detail \/-->\n                            <div class=\"clearfix\"><\/div><\/div><!-- testimonial \/--><div class=\"testimonial\"><div class=\"testimonial-thumb\"><img width=\"165\" height=\"165\" src=\"https:\/\/www.scuolamonterisi.edu.it\/wp-content\/uploads\/2016\/11\/first_testimonial2.jpg\" class=\"attachment-wc-testimonial-thumb size-wc-testimonial-thumb wp-post-image\" alt=\"\" loading=\"lazy\" \/><\/div><!-- Testimonial Thumb \/--><div class=\"testimonial-detail\"><h4>Very happy to find this institute!<\/h4><p>After graduation we were very worried about our children what he will do as he does not have any work experience but when he joined this abc institute this he became so professional!\r\n\r\nMaria Doe<\/p><cite>Jhon Doe<\/cite><\/div><!-- Testimonial Detail \/-->\n                            <div class=\"clearfix\"><\/div><\/div><!-- testimonial \/--><div class=\"testimonial\"><div class=\"testimonial-thumb\"><img width=\"165\" height=\"165\" src=\"https:\/\/www.scuolamonterisi.edu.it\/wp-content\/uploads\/2016\/11\/first_testimonial.jpg\" class=\"attachment-wc-testimonial-thumb size-wc-testimonial-thumb wp-post-image\" alt=\"\" loading=\"lazy\" \/><\/div><!-- Testimonial Thumb \/--><div class=\"testimonial-detail\"><h4>Staff behaviour<\/h4><p>After graduation we were very worried about our children what he will do as he does not have any work experience but when he joined this abc institute this he became so professional!\r\n\r\nMaria Doe\r\n<\/p><cite>Jhon Doe<\/cite><\/div><!-- Testimonial Detail \/-->\n                            <div class=\"clearfix\"><\/div><\/div><!-- testimonial \/--><\/div><\/div><\/div><\/div><\/div><\/div><\/div><div class=\"kc-elm kc-css-20596 kc-row-container module grey-bg\"><div class=\"wc-row row\"><div class=\"kc-wrap-columns\"><div class=\"kc-elm kc-css-681947 small-12 columns small-12\"><div class=\"kc-col-container\"><div id=\"176984\" class=\"section-title-wrapper\"><div class=\"section-title\"><h2>Recent News<\/h2><p>What&#039;s Going On In Our Blog?<\/p><\/div><!-- Section title \/--><\/div><!-- Title Wrapper \/--><div id=\"461780\" class=\"latest-news news-row row\"><div class=\"medium-4 small-12 columns news\"><div class=\"post\"><div class=\"post-thumb\"><a href=\"https:\/\/www.scuolamonterisi.edu.it\/index.php\/2026\/04\/07\/avviso-n-96-assemblea-sindacale-mercoledi-08-aprile-entrata-posticipata\/\"><img width=\"350\" height=\"247\" src=\"https:\/\/www.scuolamonterisi.edu.it\/wp-content\/uploads\/2021\/04\/entrata.jpg\" class=\"attachment-wc-blog-small size-wc-blog-small wp-post-image\" alt=\"\" loading=\"lazy\" \/><\/a><\/div><div class=\"post-content\"><h4><a href=\"https:\/\/www.scuolamonterisi.edu.it\/index.php\/2026\/04\/07\/avviso-n-96-assemblea-sindacale-mercoledi-08-aprile-entrata-posticipata\/\">AVVISO N.96 ASSEMBLEA SINDACALE \u2013 MERCOLEDI 08 APRILE \u2013 ENTRATA POSTICIPATA<\/a><\/h4><div class=\"post-meta\">7 Aprile 2026 | <a href=\"https:\/\/www.scuolamonterisi.edu.it\/index.php\/author\/saic8b9003\/\" title=\"Articoli scritti da MDM\" rel=\"author\">MDM<\/a> | <a href=\"https:\/\/www.scuolamonterisi.edu.it\/index.php\/category\/avviso\/\" rel=\"category tag\">Avviso<\/a>, <a href=\"https:\/\/www.scuolamonterisi.edu.it\/index.php\/category\/didattica\/\" rel=\"category tag\">Didattica<\/a>, <a href=\"https:\/\/www.scuolamonterisi.edu.it\/index.php\/category\/genitori\/\" rel=\"category tag\">Genitori<\/a><\/div><p>IL DIRIGENTE SCOLASTICO VISTA la circolare n.53 prot.n.1961-VII del 27\/03\/2026 <a href=\"https:\/\/www.scuolamonterisi.edu.it\/index.php\/2026\/04\/07\/avviso-n-96-assemblea-sindacale-mercoledi-08-aprile-entrata-posticipata\/\">Read More&raquo;<\/a><\/p><\/div><\/div><!-- Post ends --><\/div><!-- news Ends \/--><div class=\"medium-4 small-12 columns news\"><div class=\"post\"><div class=\"post-thumb\"><a href=\"https:\/\/www.scuolamonterisi.edu.it\/index.php\/2026\/03\/31\/sospensione-attivita-didattiche-per-vacanze-pasquali\/\"><img width=\"247\" height=\"247\" src=\"https:\/\/www.scuolamonterisi.edu.it\/wp-content\/uploads\/2021\/03\/calendario-pasqua.jpg\" class=\"attachment-wc-blog-small size-wc-blog-small wp-post-image\" alt=\"\" loading=\"lazy\" \/><\/a><\/div><div class=\"post-content\"><h4><a href=\"https:\/\/www.scuolamonterisi.edu.it\/index.php\/2026\/03\/31\/sospensione-attivita-didattiche-per-vacanze-pasquali\/\">Sospensione attivit\u00e0 didattiche per vacanze pasquali<\/a><\/h4><div class=\"post-meta\">31 Marzo 2026 | <a href=\"https:\/\/www.scuolamonterisi.edu.it\/index.php\/author\/saic8b9003\/\" title=\"Articoli scritti da MDM\" rel=\"author\">MDM<\/a> | <a href=\"https:\/\/www.scuolamonterisi.edu.it\/index.php\/category\/avviso\/\" rel=\"category tag\">Avviso<\/a>, <a href=\"https:\/\/www.scuolamonterisi.edu.it\/index.php\/category\/didattica\/\" rel=\"category tag\">Didattica<\/a>, <a href=\"https:\/\/www.scuolamonterisi.edu.it\/index.php\/category\/genitori\/\" rel=\"category tag\">Genitori<\/a><\/div><p>Come da Calendario Scolastico deliberato dalla Regione Campania, si comunica che le <a href=\"https:\/\/www.scuolamonterisi.edu.it\/index.php\/2026\/03\/31\/sospensione-attivita-didattiche-per-vacanze-pasquali\/\">Read More&raquo;<\/a><\/p><\/div><\/div><!-- Post ends --><\/div><!-- news Ends \/--><div class=\"medium-4 small-12 columns news\"><div class=\"post\"><div class=\"post-thumb\"><a href=\"https:\/\/www.scuolamonterisi.edu.it\/index.php\/2026\/03\/10\/pubblicazione-graduatoria-degli-alunni-che-hanno-sostenuto-la-prova-orientativo-attitudinale-per-lammissione-ai-percorsi-ad-indirizzo-musicale-anno-scolastico-2026-2027\/\"><img width=\"370\" height=\"77\" src=\"https:\/\/www.scuolamonterisi.edu.it\/wp-content\/uploads\/2020\/12\/Banner-classical-music.jpg\" class=\"attachment-wc-blog-small size-wc-blog-small wp-post-image\" alt=\"\" loading=\"lazy\" \/><\/a><\/div><div class=\"post-content\"><h4><a href=\"https:\/\/www.scuolamonterisi.edu.it\/index.php\/2026\/03\/10\/pubblicazione-graduatoria-degli-alunni-che-hanno-sostenuto-la-prova-orientativo-attitudinale-per-lammissione-ai-percorsi-ad-indirizzo-musicale-anno-scolastico-2026-2027\/\">Pubblicazione graduatoria degli alunni che hanno sostenuto la prova orientativo-attitudinale per l\u2019ammissione ai Percorsi ad indirizzo musicale anno scolastico 2026 -2027<\/a><\/h4><div class=\"post-meta\">10 Marzo 2026 | <a href=\"https:\/\/www.scuolamonterisi.edu.it\/index.php\/author\/saic8b9003\/\" title=\"Articoli scritti da MDM\" rel=\"author\">MDM<\/a> | <a href=\"https:\/\/www.scuolamonterisi.edu.it\/index.php\/category\/didattica\/\" rel=\"category tag\">Didattica<\/a>, <a href=\"https:\/\/www.scuolamonterisi.edu.it\/index.php\/category\/indirizzo-musicale\/\" rel=\"category tag\">Indirizzo Musicale<\/a>, <a href=\"https:\/\/www.scuolamonterisi.edu.it\/index.php\/category\/prove-attitudinali\/\" rel=\"category tag\">prove attitudinali<\/a><\/div><p>IL DIRIGENTE SCOLASTICO Visto l\u2019articolo 2 del D.M.37 del 26 marzo 2009; Visto il <a href=\"https:\/\/www.scuolamonterisi.edu.it\/index.php\/2026\/03\/10\/pubblicazione-graduatoria-degli-alunni-che-hanno-sostenuto-la-prova-orientativo-attitudinale-per-lammissione-ai-percorsi-ad-indirizzo-musicale-anno-scolastico-2026-2027\/\">Read More&raquo;<\/a><\/p><\/div><\/div><!-- Post ends --><\/div><!-- news Ends \/--><div class=\"clearfix\"><\/div><\/div><!-- main wrapper ends --><div class=\"load-more text-center\"><a href=\"#\" class=\"button primary bordered-dark\">Load More ...<\/a><\/div><!-- Load more \/--><\/div><\/div><\/div><\/div><\/div><div class=\"kc-elm kc-css-211411 kc-row-container module\"><div class=\"wc-row row\"><div class=\"kc-wrap-columns\"><div class=\"kc-elm kc-css-154753 small-12 columns small-12\"><div class=\"kc-col-container\"><div id=\"266734\" class=\"section-title-wrapper\"><div class=\"section-title\"><h2>Our Partners<\/h2><p>We Are Proudly Partner With Following Companies<\/p><\/div><!-- Section title \/--><\/div><!-- Title Wrapper \/--><div id=\"70547\" class=\"brand-carousel side-controls\"><div class=\"bran-logo\"><a href=\"http:\/\/google.com\"><img width=\"200\" height=\"39\" src=\"https:\/\/www.scuolamonterisi.edu.it\/wp-content\/uploads\/2016\/11\/partner1.jpg\" class=\"thumbnail\" alt=\"\" loading=\"lazy\" \/><\/a><\/div><div class=\"bran-logo\"><a href=\"http:\/\/themeforest.net\/\"><img width=\"200\" height=\"34\" src=\"https:\/\/www.scuolamonterisi.edu.it\/wp-content\/uploads\/2016\/11\/partner2.jpg\" class=\"thumbnail\" alt=\"\" loading=\"lazy\" \/><\/a><\/div><div class=\"bran-logo\"><a href=\"http:\/\/codecanyon.net\"><img width=\"200\" height=\"47\" src=\"https:\/\/www.scuolamonterisi.edu.it\/wp-content\/uploads\/2016\/11\/partner3.jpg\" class=\"thumbnail\" alt=\"\" loading=\"lazy\" \/><\/a><\/div><div class=\"bran-logo\"><a href=\"http:\/\/graphicriver.net\"><img width=\"200\" height=\"33\" src=\"https:\/\/www.scuolamonterisi.edu.it\/wp-content\/uploads\/2016\/11\/partner4.jpg\" class=\"thumbnail\" alt=\"\" loading=\"lazy\" \/><\/a><\/div><div class=\"bran-logo\"><a href=\"http:\/\/audiojungle.com\"><img width=\"200\" height=\"38\" src=\"https:\/\/www.scuolamonterisi.edu.it\/wp-content\/uploads\/2016\/11\/partner5.jpg\" class=\"thumbnail\" alt=\"\" loading=\"lazy\" \/><\/a><\/div><div class=\"bran-logo\"><a href=\"http:\/\/activeden.net\"><img width=\"200\" height=\"45\" src=\"https:\/\/www.scuolamonterisi.edu.it\/wp-content\/uploads\/2016\/11\/partner6.jpg\" class=\"thumbnail\" alt=\"\" loading=\"lazy\" \/><\/a><\/div><\/div><!-- main wrapper ends --><div class=\"clearfix\"><\/div><\/div><\/div><\/div><\/div><\/div><\/p>\n","protected":false},"excerpt":{"rendered":"","protected":false},"author":1,"featured_media":0,"parent":0,"menu_order":0,"comment_status":"closed","ping_status":"closed","template":"template-modules.php","meta":[],"_links":{"self":[{"href":"https:\/\/www.scuolamonterisi.edu.it\/index.php\/wp-json\/wp\/v2\/pages\/179"}],"collection":[{"href":"https:\/\/www.scuolamonterisi.edu.it\/index.php\/wp-json\/wp\/v2\/pages"}],"about":[{"href":"https:\/\/www.scuolamonterisi.edu.it\/index.php\/wp-json\/wp\/v2\/types\/page"}],"author":[{"embeddable":true,"href":"https:\/\/www.scuolamonterisi.edu.it\/index.php\/wp-json\/wp\/v2\/users\/1"}],"replies":[{"embeddable":true,"href":"https:\/\/www.scuolamonterisi.edu.it\/index.php\/wp-json\/wp\/v2\/comments?post=179"}],"version-history":[{"count":0,"href":"https:\/\/www.scuolamonterisi.edu.it\/index.php\/wp-json\/wp\/v2\/pages\/179\/revisions"}],"wp:attachment":[{"href":"https:\/\/www.scuolamonterisi.edu.it\/index.php\/wp-json\/wp\/v2\/media?parent=179"}],"curies":[{"name":"wp","href":"https:\/\/api.w.org\/{rel}","templated":true}]}}